{"id":1179,"date":"2016-11-28T14:48:42","date_gmt":"2016-11-28T13:48:42","guid":{"rendered":"http:\/\/www.not-tarnow.pl\/?page_id=1179"},"modified":"2023-12-07T21:27:08","modified_gmt":"2023-12-07T20:27:08","slug":"konferencje-i-szkolenia-2","status":"publish","type":"page","link":"https:\/\/www.not-tarnow.pl\/index.php\/konferencje-i-szkolenia-2\/","title":{"rendered":"Konferencje"},"content":{"rendered":"<h3 style=\"text-align: center;\"><strong>&#8222;Forum biomasy \u2013 OZE i wi\u0119cej&#8221;<\/strong><\/h3>\n<p><strong>15 pa\u017adziernika 2020 roku<\/strong>\u00a0 w Domu Technika NOT w Tarnowie odby\u0142a si\u0119 konferencja naukowa on-line, kt\u00f3rej organizatorem by\u0142o Polskie Forum Klimatyczne. Z uwagi\u00a0 na wysokie zagro\u017cenie epidemiologiczne udzia\u0142 osobisty w konferencji zosta\u0142 ograniczony do prelegent\u00f3w i organizator\u00f3w.<\/p>\n<div dir=\"auto\">Konferencja w Tarnowie odby\u0142a si\u0119 zgodnie z planem. Dopisali wszyscy naukowcy, kt\u00f3rzy byli zaproszeni &#8211; profesorowie i doktorzy z r\u00f3\u017cnych miejsc w Polsce &#8211; ca\u0142a Rada Naukowa Konferencji &#8222;Forum biomasy &#8211; OZE i wi\u0119cej&#8221;. Pandemia nie b\u0119dzie mia\u0142a \u017cadnego p\u0142ywu na efekt naukowy &#8211; trwaj\u0105 prace nad wydaniem recenzowanych materia\u0142\u00f3w pokonferencyjnych. B\u0119d\u0105 one nie tylko monografi\u0105 obrazuj\u0105c\u0105 obecny stan i trendy prawne wykorzystania biomasy w Polsce. B\u0119dzie to r\u00f3wnie\u017c swojego rodzaju stanowisko, stanowisko naukowe pokazuj\u0105ce optymalny kierunek w tym zakresie. To stanowisko b\u0119dzie przez PFK propagowane zar\u00f3wno publicznie, jak i w miejscach tworzenia prawa &#8211; gminy, powiaty, sejmiki wojew\u00f3dzkie oraz Sejm RP.<\/div>\n<div class=\"nc684nl6\">To wszystko jest udzia\u0142em prelegent\u00f3w, patron\u00f3w, partner\u00f3w i uczestnik\u00f3w konferencji &#8222;<em>Forum biomasy &#8211; OZE i wi\u0119cej<\/em>&#8222;, w tym m.in. Ma\u0142opolski Urz\u0105d Wojew\u00f3dzki w Krakowie i Naczeln\u0105 Organizacj\u0105 Techniczna w Tarnowie.<\/div>\n<div><img decoding=\"async\" loading=\"lazy\" class=\"wp-image-2381 alignleft\" src=\"http:\/\/www.not-tarnow.pl\/wp-content\/uploads\/2020\/10\/Slajd1-724x1024.jpg\" alt=\"\" width=\"335\" height=\"474\" srcset=\"https:\/\/www.not-tarnow.pl\/wp-content\/uploads\/2020\/10\/Slajd1-724x1024.jpg 724w, https:\/\/www.not-tarnow.pl\/wp-content\/uploads\/2020\/10\/Slajd1-212x300.jpg 212w, https:\/\/www.not-tarnow.pl\/wp-content\/uploads\/2020\/10\/Slajd1-768x1087.jpg 768w, https:\/\/www.not-tarnow.pl\/wp-content\/uploads\/2020\/10\/Slajd1.jpg 793w\" sizes=\"(max-width: 335px) 100vw, 335px\" \/><img decoding=\"async\" loading=\"lazy\" class=\"aligncenter wp-image-2382\" src=\"http:\/\/www.not-tarnow.pl\/wp-content\/uploads\/2020\/10\/Slajd2-724x1024.jpg\" alt=\"\" width=\"335\" height=\"474\" srcset=\"https:\/\/www.not-tarnow.pl\/wp-content\/uploads\/2020\/10\/Slajd2-724x1024.jpg 724w, https:\/\/www.not-tarnow.pl\/wp-content\/uploads\/2020\/10\/Slajd2-212x300.jpg 212w, https:\/\/www.not-tarnow.pl\/wp-content\/uploads\/2020\/10\/Slajd2-768x1087.jpg 768w, https:\/\/www.not-tarnow.pl\/wp-content\/uploads\/2020\/10\/Slajd2.jpg 793w\" sizes=\"(max-width: 335px) 100vw, 335px\" \/><img decoding=\"async\" loading=\"lazy\" class=\"aligncenter wp-image-2391\" src=\"http:\/\/www.not-tarnow.pl\/wp-content\/uploads\/2020\/10\/20201015_110624-1024x576.jpg\" alt=\"\" width=\"550\" height=\"309\" srcset=\"https:\/\/www.not-tarnow.pl\/wp-content\/uploads\/2020\/10\/20201015_110624-1024x576.jpg 1024w, https:\/\/www.not-tarnow.pl\/wp-content\/uploads\/2020\/10\/20201015_110624-300x169.jpg 300w, https:\/\/www.not-tarnow.pl\/wp-content\/uploads\/2020\/10\/20201015_110624-768x432.jpg 768w\" sizes=\"(max-width: 550px) 100vw, 550px\" \/> <img decoding=\"async\" loading=\"lazy\" class=\"aligncenter wp-image-2392\" src=\"http:\/\/www.not-tarnow.pl\/wp-content\/uploads\/2020\/10\/20201015_111658-1024x576.jpg\" alt=\"\" width=\"550\" height=\"309\" srcset=\"https:\/\/www.not-tarnow.pl\/wp-content\/uploads\/2020\/10\/20201015_111658-1024x576.jpg 1024w, https:\/\/www.not-tarnow.pl\/wp-content\/uploads\/2020\/10\/20201015_111658-300x169.jpg 300w, https:\/\/www.not-tarnow.pl\/wp-content\/uploads\/2020\/10\/20201015_111658-768x432.jpg 768w\" sizes=\"(max-width: 550px) 100vw, 550px\" \/> <img decoding=\"async\" loading=\"lazy\" class=\"aligncenter wp-image-2393\" src=\"http:\/\/www.not-tarnow.pl\/wp-content\/uploads\/2020\/10\/20201015_124404-1024x576.jpg\" alt=\"\" width=\"550\" height=\"309\" srcset=\"https:\/\/www.not-tarnow.pl\/wp-content\/uploads\/2020\/10\/20201015_124404-1024x576.jpg 1024w, https:\/\/www.not-tarnow.pl\/wp-content\/uploads\/2020\/10\/20201015_124404-300x169.jpg 300w, https:\/\/www.not-tarnow.pl\/wp-content\/uploads\/2020\/10\/20201015_124404-768x432.jpg 768w\" sizes=\"(max-width: 550px) 100vw, 550px\" \/> <img decoding=\"async\" loading=\"lazy\" class=\"aligncenter wp-image-2394\" src=\"http:\/\/www.not-tarnow.pl\/wp-content\/uploads\/2020\/10\/20201015_145621-1024x576.jpg\" alt=\"\" width=\"550\" height=\"309\" srcset=\"https:\/\/www.not-tarnow.pl\/wp-content\/uploads\/2020\/10\/20201015_145621-1024x576.jpg 1024w, https:\/\/www.not-tarnow.pl\/wp-content\/uploads\/2020\/10\/20201015_145621-300x169.jpg 300w, https:\/\/www.not-tarnow.pl\/wp-content\/uploads\/2020\/10\/20201015_145621-768x432.jpg 768w\" sizes=\"(max-width: 550px) 100vw, 550px\" \/> <img decoding=\"async\" loading=\"lazy\" class=\"aligncenter wp-image-2395\" src=\"http:\/\/www.not-tarnow.pl\/wp-content\/uploads\/2020\/10\/20201015_151933-1024x576.jpg\" alt=\"\" width=\"551\" height=\"310\" srcset=\"https:\/\/www.not-tarnow.pl\/wp-content\/uploads\/2020\/10\/20201015_151933-1024x576.jpg 1024w, https:\/\/www.not-tarnow.pl\/wp-content\/uploads\/2020\/10\/20201015_151933-300x169.jpg 300w, https:\/\/www.not-tarnow.pl\/wp-content\/uploads\/2020\/10\/20201015_151933-768x432.jpg 768w\" sizes=\"(max-width: 551px) 100vw, 551px\" \/><\/div>\n<div>\n<hr \/>\n<\/div>\n<p><a href=\"http:\/\/www.not-tarnow.pl\/index.php\/szkolenie-instalatora-oze\/\"><strong>Szkolenie z zakresu autoryzowanego instalatora OZE z mo\u017cliwo\u015bci\u0105 uzyskania certyfikatu UDT \u2013 specjalno\u015b\u0107 <\/strong><strong>systemy fotowoltaiczne<\/strong> \u2013 Tarn\u00f3w, 16-17.04.2020 &gt;&gt;&gt;<\/a><\/p>\n<p><span style=\"color: #ff0000;\">&#8211; z powodu pandemii szkolenie odwo\u0142ane!!!<\/span><\/p>\n<hr \/>\n<h3 style=\"text-align: center;\"><strong>\u201eTrendy Rozwoju Rolnictwa Precyzyjnego\u201d<\/strong><\/h3>\n<p><img decoding=\"async\" loading=\"lazy\" class=\"aligncenter wp-image-1987\" src=\"http:\/\/www.not-tarnow.pl\/wp-content\/uploads\/2019\/11\/DSC_3101-1024x684.jpg\" alt=\"\" width=\"591\" height=\"395\" srcset=\"https:\/\/www.not-tarnow.pl\/wp-content\/uploads\/2019\/11\/DSC_3101-1024x684.jpg 1024w, https:\/\/www.not-tarnow.pl\/wp-content\/uploads\/2019\/11\/DSC_3101-300x200.jpg 300w, https:\/\/www.not-tarnow.pl\/wp-content\/uploads\/2019\/11\/DSC_3101-768x513.jpg 768w\" sizes=\"(max-width: 591px) 100vw, 591px\" \/>Konferencja<strong> \u201eTrendy Rozwoju Rolnictwa Precyzyjnego\u201d<\/strong>\u00a0 zorganizowana przez <strong>NOT Tarn\u00f3w, SITR O\/Tarn\u00f3w <\/strong>oraz <strong>SITPChem O\/Tarn\u00f3w<\/strong> w dniu<strong> 28.11.2019 r.<\/strong> Partnerzy konferencji: <strong>Grupa Azoty, MODR Karniowice, ARiMR.<\/strong> Patronat medialny: <strong>Magazyn Rolniczy AgroProfil<\/strong>.<\/p>\n<p>Tematem konferencji by\u0142 innowacyjny spos\u00f3b precyzyjnego nawo\u017cenia \u00a0w oparciu o do\u015bwiadczenie <strong>Grupy Azoty<\/strong> oraz startupu <strong>SatAgro<\/strong> powi\u0105zanego z Azotami<strong>.<\/strong> Temat ten przedstawi\u0142 <strong>dr Grzegorz K\u0105dzielawsk<\/strong>i v-ce Prezes Zarz\u0105du Grupy Azoty S.A . <strong>Eugeniusz Tadel<\/strong> (MODR PZDR Tarn\u00f3w) przedstawi\u0142 temat precyzyjnej aplikacji nawoz\u00f3w \u201dZmienne Dawkowanie p\u0142ynnych nawoz\u00f3w w Rolnictwie Precyzyjnym\u201d. \u00a0\u00a0Temat jest rozwojowy.<\/p>\n<p>Patronem medialnym konferencji jest <strong>Magazyn Rolniczy AgroProfil<\/strong>. Dla uczestnik\u00f3w przewidziana by\u0142a mo\u017cliwo\u015b\u0107 bezp\u0142atnej prenumeraty na okres 3 miesi\u0119cy tego miesi\u0119cznika, ka\u017cdy uczestnik otrzyma\u0142 bezp\u0142atnie tak\u017ce znane \u00a0wydawnictwa: \u201e<strong>Program ochrony ro\u015blin rolniczych<\/strong>\u201d, \u201e<strong>Dokumentacja ochrony upraw oraz nawo\u017cenia<\/strong>\u201d, wybrane egzemplarze miesi\u0119cznika rolniczego <strong>\u201eAgroProfil<\/strong>\u201d i nne. \u00a0Po zako\u0144czeniu konferencji byt\u0142a mo\u017cliwo\u015b\u0107 obejrzenia najnowszej wystawy fotograficznej w tarnowskim NOT \u201e80-ta rocznica wybuchu II Wojny \u015awiatowej \u2013 przygotowania, pierwsze dni walki represje, por\u00f3wnanie techniki, stanu uzbrojenia armii &#8211; Wojna zacz\u0119\u0142a si\u0119 w Tarnowie\u201d.<\/p>\n<p>Poni\u017cej linki na strony z informacjami na ten temat:<\/p>\n<ol>\n<li>Projekt AZOTY \u2013 SATAGRO precyzyjne nawo\u017cenie <a href=\"https:\/\/nawozy.eu\/wiedza\/porady-ekspertow\/nawozy\/aplikacja-satagro-satelitarny-monitoring-pol-uprawnych-i-wsparcie-rolnictwa-precyzyjnego.html\">https:\/\/nawozy.eu\/wiedza\/porady-ekspertow\/nawozy\/aplikacja-satagro-satelitarny-monitoring-pol-uprawnych-i-wsparcie-rolnictwa-precyzyjnego.html<\/a><\/li>\n<li>AZOTY skanery glebowe <a href=\"https:\/\/agronews.com.pl\/artykul\/grupa-azoty-wprowadza-skanery-doglebowe\/\">https:\/\/agronews.com.pl\/artykul\/grupa-azoty-wprowadza-skanery-doglebowe\/<\/a><\/li>\n<\/ol>\n<p><span class=\"fbPhotosPhotoCaption\" tabindex=\"0\" aria-live=\"polite\" data-ft=\"{&quot;tn&quot;:&quot;K&quot;}\"><span class=\"hasCaption\"><img decoding=\"async\" loading=\"lazy\" class=\"aligncenter wp-image-1976\" src=\"http:\/\/www.not-tarnow.pl\/wp-content\/uploads\/2019\/11\/Zaproszenie-28.11.2019-718x1024.jpg\" sizes=\"(max-width: 692px) 100vw, 692px\" srcset=\"http:\/\/www.not-tarnow.pl\/wp-content\/uploads\/2019\/11\/Zaproszenie-28.11.2019-718x1024.jpg 718w, http:\/\/www.not-tarnow.pl\/wp-content\/uploads\/2019\/11\/Zaproszenie-28.11.2019-210x300.jpg 210w, http:\/\/www.not-tarnow.pl\/wp-content\/uploads\/2019\/11\/Zaproszenie-28.11.2019-768x1095.jpg 768w\" alt=\"\" width=\"692\" height=\"987\" \/><\/span><\/span><\/p>\n<p><img decoding=\"async\" loading=\"lazy\" class=\"aligncenter wp-image-1988\" src=\"http:\/\/www.not-tarnow.pl\/wp-content\/uploads\/2019\/11\/DSC_3091-1024x683.jpg\" alt=\"\" width=\"601\" height=\"401\" srcset=\"https:\/\/www.not-tarnow.pl\/wp-content\/uploads\/2019\/11\/DSC_3091-1024x683.jpg 1024w, https:\/\/www.not-tarnow.pl\/wp-content\/uploads\/2019\/11\/DSC_3091-300x200.jpg 300w, https:\/\/www.not-tarnow.pl\/wp-content\/uploads\/2019\/11\/DSC_3091-768x512.jpg 768w\" sizes=\"(max-width: 601px) 100vw, 601px\" \/> <img decoding=\"async\" loading=\"lazy\" class=\"aligncenter wp-image-1989\" src=\"http:\/\/www.not-tarnow.pl\/wp-content\/uploads\/2019\/11\/DSC_3104-1024x684.jpg\" alt=\"\" width=\"600\" height=\"401\" srcset=\"https:\/\/www.not-tarnow.pl\/wp-content\/uploads\/2019\/11\/DSC_3104-1024x684.jpg 1024w, https:\/\/www.not-tarnow.pl\/wp-content\/uploads\/2019\/11\/DSC_3104-300x200.jpg 300w, https:\/\/www.not-tarnow.pl\/wp-content\/uploads\/2019\/11\/DSC_3104-768x513.jpg 768w\" sizes=\"(max-width: 600px) 100vw, 600px\" \/> <img decoding=\"async\" loading=\"lazy\" class=\"aligncenter wp-image-1990\" src=\"http:\/\/www.not-tarnow.pl\/wp-content\/uploads\/2019\/11\/DSC_3113-1024x684.jpg\" alt=\"\" width=\"600\" height=\"401\" srcset=\"https:\/\/www.not-tarnow.pl\/wp-content\/uploads\/2019\/11\/DSC_3113-1024x684.jpg 1024w, https:\/\/www.not-tarnow.pl\/wp-content\/uploads\/2019\/11\/DSC_3113-300x200.jpg 300w, https:\/\/www.not-tarnow.pl\/wp-content\/uploads\/2019\/11\/DSC_3113-768x513.jpg 768w\" sizes=\"(max-width: 600px) 100vw, 600px\" \/> <img decoding=\"async\" loading=\"lazy\" class=\"aligncenter wp-image-1991\" src=\"http:\/\/www.not-tarnow.pl\/wp-content\/uploads\/2019\/11\/DSC_3118-1024x684.jpg\" alt=\"\" width=\"600\" height=\"401\" srcset=\"https:\/\/www.not-tarnow.pl\/wp-content\/uploads\/2019\/11\/DSC_3118-1024x684.jpg 1024w, https:\/\/www.not-tarnow.pl\/wp-content\/uploads\/2019\/11\/DSC_3118-300x200.jpg 300w, https:\/\/www.not-tarnow.pl\/wp-content\/uploads\/2019\/11\/DSC_3118-768x513.jpg 768w\" sizes=\"(max-width: 600px) 100vw, 600px\" \/> <img decoding=\"async\" loading=\"lazy\" class=\"aligncenter wp-image-1992\" src=\"http:\/\/www.not-tarnow.pl\/wp-content\/uploads\/2019\/11\/DSC_3122-1024x684.jpg\" alt=\"\" width=\"600\" height=\"401\" srcset=\"https:\/\/www.not-tarnow.pl\/wp-content\/uploads\/2019\/11\/DSC_3122-1024x684.jpg 1024w, https:\/\/www.not-tarnow.pl\/wp-content\/uploads\/2019\/11\/DSC_3122-300x200.jpg 300w, https:\/\/www.not-tarnow.pl\/wp-content\/uploads\/2019\/11\/DSC_3122-768x513.jpg 768w\" sizes=\"(max-width: 600px) 100vw, 600px\" \/> <img decoding=\"async\" loading=\"lazy\" class=\"aligncenter wp-image-1993\" src=\"http:\/\/www.not-tarnow.pl\/wp-content\/uploads\/2019\/11\/DSC_3151-1024x688.jpg\" alt=\"\" width=\"600\" height=\"403\" srcset=\"https:\/\/www.not-tarnow.pl\/wp-content\/uploads\/2019\/11\/DSC_3151-1024x688.jpg 1024w, https:\/\/www.not-tarnow.pl\/wp-content\/uploads\/2019\/11\/DSC_3151-300x202.jpg 300w, https:\/\/www.not-tarnow.pl\/wp-content\/uploads\/2019\/11\/DSC_3151-768x516.jpg 768w\" sizes=\"(max-width: 600px) 100vw, 600px\" \/> <img decoding=\"async\" loading=\"lazy\" class=\"aligncenter wp-image-1994\" src=\"http:\/\/www.not-tarnow.pl\/wp-content\/uploads\/2019\/11\/DSC_3161-1024x684.jpg\" alt=\"\" width=\"600\" height=\"401\" srcset=\"https:\/\/www.not-tarnow.pl\/wp-content\/uploads\/2019\/11\/DSC_3161-1024x684.jpg 1024w, https:\/\/www.not-tarnow.pl\/wp-content\/uploads\/2019\/11\/DSC_3161-300x200.jpg 300w, https:\/\/www.not-tarnow.pl\/wp-content\/uploads\/2019\/11\/DSC_3161-768x513.jpg 768w\" sizes=\"(max-width: 600px) 100vw, 600px\" \/> <img decoding=\"async\" loading=\"lazy\" class=\"aligncenter wp-image-1995\" src=\"http:\/\/www.not-tarnow.pl\/wp-content\/uploads\/2019\/11\/DSC_3198-1024x684.jpg\" alt=\"\" width=\"600\" height=\"401\" srcset=\"https:\/\/www.not-tarnow.pl\/wp-content\/uploads\/2019\/11\/DSC_3198-1024x684.jpg 1024w, https:\/\/www.not-tarnow.pl\/wp-content\/uploads\/2019\/11\/DSC_3198-300x200.jpg 300w, https:\/\/www.not-tarnow.pl\/wp-content\/uploads\/2019\/11\/DSC_3198-768x513.jpg 768w\" sizes=\"(max-width: 600px) 100vw, 600px\" \/> <img decoding=\"async\" loading=\"lazy\" class=\"aligncenter wp-image-1996\" src=\"http:\/\/www.not-tarnow.pl\/wp-content\/uploads\/2019\/11\/DSC_3236-1024x683.jpg\" alt=\"\" width=\"600\" height=\"400\" srcset=\"https:\/\/www.not-tarnow.pl\/wp-content\/uploads\/2019\/11\/DSC_3236-1024x683.jpg 1024w, https:\/\/www.not-tarnow.pl\/wp-content\/uploads\/2019\/11\/DSC_3236-300x200.jpg 300w, https:\/\/www.not-tarnow.pl\/wp-content\/uploads\/2019\/11\/DSC_3236-768x512.jpg 768w\" sizes=\"(max-width: 600px) 100vw, 600px\" \/> <img decoding=\"async\" loading=\"lazy\" class=\"aligncenter wp-image-1997\" src=\"http:\/\/www.not-tarnow.pl\/wp-content\/uploads\/2019\/11\/DSC_3246-1024x684.jpg\" alt=\"\" width=\"600\" height=\"401\" srcset=\"https:\/\/www.not-tarnow.pl\/wp-content\/uploads\/2019\/11\/DSC_3246-1024x684.jpg 1024w, https:\/\/www.not-tarnow.pl\/wp-content\/uploads\/2019\/11\/DSC_3246-300x200.jpg 300w, https:\/\/www.not-tarnow.pl\/wp-content\/uploads\/2019\/11\/DSC_3246-768x513.jpg 768w\" sizes=\"(max-width: 600px) 100vw, 600px\" \/><\/p>\n<p style=\"text-align: center;\">Zdj\u0119cia: <em>Maciej Mazur (Redakcja Informator Brzeski)<\/em><\/p>\n<hr \/>\n<p><strong><a href=\"http:\/\/www.not-tarnow.pl\/index.php\/wystawy\/wystawa-80-rocznica-wybuchu-ii-wojny-swiatowej\/\"><img decoding=\"async\" loading=\"lazy\" class=\"wp-image-1796 alignleft\" src=\"http:\/\/www.not-tarnow.pl\/wp-content\/uploads\/2019\/08\/wystawa-80rocznica-plakat-725x1024.jpg\" sizes=\"(max-width: 370px) 100vw, 370px\" srcset=\"http:\/\/www.not-tarnow.pl\/wp-content\/uploads\/2019\/08\/wystawa-80rocznica-plakat-725x1024.jpg 725w, http:\/\/www.not-tarnow.pl\/wp-content\/uploads\/2019\/08\/wystawa-80rocznica-plakat-212x300.jpg 212w, http:\/\/www.not-tarnow.pl\/wp-content\/uploads\/2019\/08\/wystawa-80rocznica-plakat-768x1085.jpg 768w, http:\/\/www.not-tarnow.pl\/wp-content\/uploads\/2019\/08\/wystawa-80rocznica-plakat.jpg 1241w\" alt=\"\" width=\"341\" height=\"482\" \/><\/a>Wystawa <\/strong><strong><em>\u201e80. Rocznica Wybuchu II Wojny \u015awiatowej <\/em><em>\u2013 przygotowania, pierwsze dni walki, represje, por\u00f3wnanie techniki i stanu uzbrojenia armii\u201d\u00a0<\/em><\/strong><strong>w Domu Technika <\/strong><strong>NOT w Tarnowie<\/strong><\/p>\n<p>Zapraszamy cz\u0142onk\u00f3w stowarzysze\u0144 naukowo-technicznych, uczni\u00f3w tarnowskich szk\u00f3\u0142 oraz wszystkich zainteresowanych na <strong>Wystaw\u0119 z okazji 80. Rocznicy Wybuchu II Wojny \u015awiatowej<\/strong> na holach I i II pi\u0119tra w Domu Technika NOT w Tarnowie.<\/p>\n<p><a href=\"http:\/\/www.not-tarnow.pl\/index.php\/wystawy\/wystawa-80-rocznica-wybuchu-ii-wojny-swiatowej\/\">Wi\u0119cej informacji &gt;&gt;<\/a><\/p>\n<hr \/>\n<p><img decoding=\"async\" loading=\"lazy\" class=\"aligncenter wp-image-1709\" src=\"http:\/\/www.not-tarnow.pl\/wp-content\/uploads\/2019\/03\/2019-03-20-seminarium-718x1024.jpg\" alt=\"\" width=\"458\" height=\"653\" srcset=\"https:\/\/www.not-tarnow.pl\/wp-content\/uploads\/2019\/03\/2019-03-20-seminarium-718x1024.jpg 718w, https:\/\/www.not-tarnow.pl\/wp-content\/uploads\/2019\/03\/2019-03-20-seminarium-210x300.jpg 210w, https:\/\/www.not-tarnow.pl\/wp-content\/uploads\/2019\/03\/2019-03-20-seminarium-768x1095.jpg 768w\" sizes=\"(max-width: 458px) 100vw, 458px\" \/><\/p>\n<hr \/>\n<p><img decoding=\"async\" loading=\"lazy\" class=\"aligncenter wp-image-1656\" src=\"http:\/\/www.not-tarnow.pl\/wp-content\/uploads\/2019\/01\/2019-01-28-Info_MOIIB.jpg\" alt=\"\" width=\"487\" height=\"365\" srcset=\"https:\/\/www.not-tarnow.pl\/wp-content\/uploads\/2019\/01\/2019-01-28-Info_MOIIB.jpg 960w, https:\/\/www.not-tarnow.pl\/wp-content\/uploads\/2019\/01\/2019-01-28-Info_MOIIB-300x225.jpg 300w, https:\/\/www.not-tarnow.pl\/wp-content\/uploads\/2019\/01\/2019-01-28-Info_MOIIB-768x576.jpg 768w\" sizes=\"(max-width: 487px) 100vw, 487px\" \/><\/p>\n<p>28 stycznia 2019 r. w Domu Technika NOT w Tarnowie odby\u0142o si\u0119 szkolenie pt. <strong>\u201eUstawowe po\u015bwiadczenie w\u0142a\u015bciwo\u015bci u\u017cytkowych materia\u0142\u00f3w i wyrob\u00f3w budowlanych \u2013 certyfikaty, atesty, deklaracje, krajowe oceny techniczne, w kontek\u015bcie wymaga\u0144 ochrony p.po\u017carowej\u201d<\/strong>, wsp\u00f3\u0142organizowane z Ma\u0142opolsk\u0105 Okr\u0119gow\u0105 Izb\u0105 In\u017cynier\u00f3w Budownictwa.<\/p>\n<p><img decoding=\"async\" loading=\"lazy\" class=\"aligncenter wp-image-1660\" src=\"http:\/\/www.not-tarnow.pl\/wp-content\/uploads\/2019\/01\/SDC12503-1024x604.jpg\" alt=\"\" width=\"517\" height=\"305\" srcset=\"https:\/\/www.not-tarnow.pl\/wp-content\/uploads\/2019\/01\/SDC12503-1024x604.jpg 1024w, https:\/\/www.not-tarnow.pl\/wp-content\/uploads\/2019\/01\/SDC12503-300x177.jpg 300w, https:\/\/www.not-tarnow.pl\/wp-content\/uploads\/2019\/01\/SDC12503-768x453.jpg 768w\" sizes=\"(max-width: 517px) 100vw, 517px\" \/>Spotkanie prowadzi\u0142 <strong>mgr in\u017c. Dariusz Zgorzalski <\/strong>z<strong> Krajowej Oceny Technicznej<\/strong>. KOT jest to og\u00f3lnopolski portal edukacyjny dla in\u017cynier\u00f3w, technik\u00f3w budownictwa, producent\u00f3w, sprzedawc\u00f3w, importer\u00f3w wyrob\u00f3w budowlanych. W ramach szkolenia Pan Dariusz przygotowa\u0142 fachow\u0105, ciekaw\u0105 i wyczerpuj\u0105c\u0105 temat prezentacj\u0119.<\/p>\n<p>Materia\u0142y ze szkolenia do pobrania &gt;&gt; <a href=\"http:\/\/www.not-tarnow.pl\/wp-content\/uploads\/2019\/02\/DZGORZALSKI_KOT_EDU_PL_MA\u0141OPOLSKA_TARN\u00d3W_2019_wersja-druk.pdf\">DZGORZALSKI_KOT_EDU_PL_MA\u0141OPOLSKA_TARN\u00d3W_2019<\/a><img decoding=\"async\" loading=\"lazy\" class=\"aligncenter wp-image-1659\" src=\"http:\/\/www.not-tarnow.pl\/wp-content\/uploads\/2019\/01\/SDC12500-1024x599.jpg\" alt=\"\" width=\"518\" height=\"303\" srcset=\"https:\/\/www.not-tarnow.pl\/wp-content\/uploads\/2019\/01\/SDC12500-1024x599.jpg 1024w, https:\/\/www.not-tarnow.pl\/wp-content\/uploads\/2019\/01\/SDC12500-300x175.jpg 300w, https:\/\/www.not-tarnow.pl\/wp-content\/uploads\/2019\/01\/SDC12500-768x449.jpg 768w\" sizes=\"(max-width: 518px) 100vw, 518px\" \/><\/p>\n<hr \/>\n<p><strong>26 listopada 2018r. <\/strong>w Domu Technika NOT w Tarnowie w tradycji listopadowej zadumy i szacunku dla pami\u0119ci zmar\u0142ych odby\u0142y si\u0119 <strong>Zaduszki NOT<\/strong>-owskie<\/p>\n<p><img decoding=\"async\" loading=\"lazy\" class=\"aligncenter wp-image-1546\" src=\"http:\/\/www.not-tarnow.pl\/wp-content\/uploads\/2018\/11\/Slajd1.jpg\" sizes=\"(max-width: 570px) 100vw, 570px\" srcset=\"http:\/\/www.not-tarnow.pl\/wp-content\/uploads\/2018\/11\/Slajd1.jpg 960w, http:\/\/www.not-tarnow.pl\/wp-content\/uploads\/2018\/11\/Slajd1-300x225.jpg 300w, http:\/\/www.not-tarnow.pl\/wp-content\/uploads\/2018\/11\/Slajd1-768x576.jpg 768w\" alt=\"\" width=\"570\" height=\"428\" \/> <img decoding=\"async\" loading=\"lazy\" class=\"wp-image-1547 aligncenter\" src=\"http:\/\/www.not-tarnow.pl\/wp-content\/uploads\/2018\/11\/Slajd2.jpg\" sizes=\"(max-width: 570px) 100vw, 570px\" srcset=\"http:\/\/www.not-tarnow.pl\/wp-content\/uploads\/2018\/11\/Slajd2.jpg 960w, http:\/\/www.not-tarnow.pl\/wp-content\/uploads\/2018\/11\/Slajd2-300x225.jpg 300w, http:\/\/www.not-tarnow.pl\/wp-content\/uploads\/2018\/11\/Slajd2-768x576.jpg 768w\" alt=\"\" width=\"570\" height=\"428\" \/><img decoding=\"async\" loading=\"lazy\" class=\"aligncenter wp-image-1578\" src=\"http:\/\/www.not-tarnow.pl\/wp-content\/uploads\/2018\/11\/2-1.jpg\" alt=\"\" width=\"751\" height=\"397\" \/><img decoding=\"async\" loading=\"lazy\" class=\"aligncenter wp-image-1570\" src=\"http:\/\/www.not-tarnow.pl\/wp-content\/uploads\/2018\/11\/1-1.jpg\" sizes=\"(max-width: 751px) 100vw, 751px\" srcset=\"http:\/\/www.not-tarnow.pl\/wp-content\/uploads\/2018\/11\/1-1.jpg 1094w, http:\/\/www.not-tarnow.pl\/wp-content\/uploads\/2018\/11\/1-1-300x137.jpg 300w, http:\/\/www.not-tarnow.pl\/wp-content\/uploads\/2018\/11\/1-1-768x352.jpg 768w, http:\/\/www.not-tarnow.pl\/wp-content\/uploads\/2018\/11\/1-1-1024x469.jpg 1024w\" alt=\"\" width=\"751\" height=\"344\" \/><\/p>\n<hr \/>\n<p style=\"text-align: center;\"><strong>Konferencja\u00a0 Naukowo\u2013Techniczno\u2013Historyczna pt. \u201eTw\u00f3rcy Niepodleg\u0142o\u015bci&#8221;<br \/>\n<\/strong><\/p>\n<p>29 pa\u017adziernika 2018 r. w Domu Technika NOT w Tarnowie Zarz\u0105d Rady NOT i Oddzia\u0142u SIMP w Tarnowie zorganizowali Konferencj\u0119 Naukowo\u2013Techniczno-Historyczn\u0105 pt. <em>\u201eTw\u00f3rcy Niepodleg\u0142o\u015bci\u201d, <\/em>w kt\u00f3rej uczestniczyli\u00a0 Cz\u0142onkowie Stowarzysze\u0144 N-T.<\/p>\n<p><img decoding=\"async\" loading=\"lazy\" class=\"aligncenter wp-image-1518\" src=\"http:\/\/www.not-tarnow.pl\/wp-content\/uploads\/2018\/10\/plakat1.jpg\" alt=\"\" width=\"602\" height=\"452\" srcset=\"https:\/\/www.not-tarnow.pl\/wp-content\/uploads\/2018\/10\/plakat1.jpg 960w, https:\/\/www.not-tarnow.pl\/wp-content\/uploads\/2018\/10\/plakat1-300x225.jpg 300w, https:\/\/www.not-tarnow.pl\/wp-content\/uploads\/2018\/10\/plakat1-768x576.jpg 768w\" sizes=\"(max-width: 602px) 100vw, 602px\" \/> <img decoding=\"async\" loading=\"lazy\" class=\"aligncenter wp-image-1519\" src=\"http:\/\/www.not-tarnow.pl\/wp-content\/uploads\/2018\/10\/plakat2.jpg\" alt=\"\" width=\"601\" height=\"451\" srcset=\"https:\/\/www.not-tarnow.pl\/wp-content\/uploads\/2018\/10\/plakat2.jpg 960w, https:\/\/www.not-tarnow.pl\/wp-content\/uploads\/2018\/10\/plakat2-300x225.jpg 300w, https:\/\/www.not-tarnow.pl\/wp-content\/uploads\/2018\/10\/plakat2-768x576.jpg 768w\" sizes=\"(max-width: 601px) 100vw, 601px\" \/><\/p>\n<p><img decoding=\"async\" loading=\"lazy\" class=\"size-full wp-image-1536\" src=\"http:\/\/www.not-tarnow.pl\/wp-content\/uploads\/2018\/11\/2.jpg\" alt=\"\" width=\"2256\" height=\"1069\" srcset=\"https:\/\/www.not-tarnow.pl\/wp-content\/uploads\/2018\/11\/2.jpg 2256w, https:\/\/www.not-tarnow.pl\/wp-content\/uploads\/2018\/11\/2-300x142.jpg 300w, https:\/\/www.not-tarnow.pl\/wp-content\/uploads\/2018\/11\/2-768x364.jpg 768w, https:\/\/www.not-tarnow.pl\/wp-content\/uploads\/2018\/11\/2-1024x485.jpg 1024w\" sizes=\"(max-width: 2256px) 100vw, 2256px\" \/><img decoding=\"async\" loading=\"lazy\" class=\"aligncenter wp-image-1541\" src=\"http:\/\/www.not-tarnow.pl\/wp-content\/uploads\/2018\/11\/3.jpg\" alt=\"\" width=\"666\" height=\"400\" srcset=\"https:\/\/www.not-tarnow.pl\/wp-content\/uploads\/2018\/11\/3.jpg 1574w, https:\/\/www.not-tarnow.pl\/wp-content\/uploads\/2018\/11\/3-300x180.jpg 300w, https:\/\/www.not-tarnow.pl\/wp-content\/uploads\/2018\/11\/3-768x462.jpg 768w, https:\/\/www.not-tarnow.pl\/wp-content\/uploads\/2018\/11\/3-1024x615.jpg 1024w\" sizes=\"(max-width: 666px) 100vw, 666px\" \/><\/p>\n<hr \/>\n<p><img decoding=\"async\" loading=\"lazy\" class=\"aligncenter wp-image-1460\" src=\"http:\/\/www.not-tarnow.pl\/wp-content\/uploads\/2018\/05\/2018-05-07-Info_MOIIB.jpg\" alt=\"\" width=\"574\" height=\"430\" srcset=\"https:\/\/www.not-tarnow.pl\/wp-content\/uploads\/2018\/05\/2018-05-07-Info_MOIIB.jpg 960w, https:\/\/www.not-tarnow.pl\/wp-content\/uploads\/2018\/05\/2018-05-07-Info_MOIIB-300x225.jpg 300w, https:\/\/www.not-tarnow.pl\/wp-content\/uploads\/2018\/05\/2018-05-07-Info_MOIIB-768x576.jpg 768w\" sizes=\"(max-width: 574px) 100vw, 574px\" \/><\/p>\n<p>Dnia 7 maja 2018 r. w NOT Tarn\u00f3w odby\u0142o si\u0119 seminarium pt. <strong>\u201eOcena rozwi\u0105za\u0144 komunikacyjnych na terenie miasta Tarnowa w kontek\u015bcie studium uwarunkowa\u0144 i kierunk\u00f3w zagospodarowania przestrzennego miasta Tarnowa\u201d<\/strong>, kt\u00f3re poprowadzi\u0142 Pan <em>Artur<\/em> <em>Micha\u0142ek &#8211; <\/em>Kierownik Dzia\u0142u Organizacji Ruchu z Zarz\u0105du Dr\u00f3g i Komunikacji w Tarnowie<em>.<\/em><\/p>\n<p><img decoding=\"async\" loading=\"lazy\" class=\"aligncenter wp-image-1464\" src=\"http:\/\/www.not-tarnow.pl\/wp-content\/uploads\/2018\/05\/2.jpg\" alt=\"\" width=\"741\" height=\"289\" srcset=\"https:\/\/www.not-tarnow.pl\/wp-content\/uploads\/2018\/05\/2.jpg 3648w, https:\/\/www.not-tarnow.pl\/wp-content\/uploads\/2018\/05\/2-300x117.jpg 300w, https:\/\/www.not-tarnow.pl\/wp-content\/uploads\/2018\/05\/2-768x300.jpg 768w, https:\/\/www.not-tarnow.pl\/wp-content\/uploads\/2018\/05\/2-1024x399.jpg 1024w\" sizes=\"(max-width: 741px) 100vw, 741px\" \/><\/p>\n<hr \/>\n<p><img decoding=\"async\" loading=\"lazy\" class=\"aligncenter wp-image-1405\" src=\"http:\/\/www.not-tarnow.pl\/wp-content\/uploads\/2018\/03\/2018-04-16-Info_MOIIB.jpg\" alt=\"\" width=\"570\" height=\"428\" srcset=\"https:\/\/www.not-tarnow.pl\/wp-content\/uploads\/2018\/03\/2018-04-16-Info_MOIIB.jpg 960w, https:\/\/www.not-tarnow.pl\/wp-content\/uploads\/2018\/03\/2018-04-16-Info_MOIIB-300x225.jpg 300w, https:\/\/www.not-tarnow.pl\/wp-content\/uploads\/2018\/03\/2018-04-16-Info_MOIIB-768x576.jpg 768w\" sizes=\"(max-width: 570px) 100vw, 570px\" \/><\/p>\n<p>Seminarium przeprowadzi\u0142a p. <span class=\"st\"><em>Wies\u0142awa Saroma<\/em> &#8211; mgr in\u017c. in\u017cynierii l\u0105dowej, starszy inspektor Pa\u0144stwowej Inspekcji Pracy &#8211; specjalista w zakresie BHP w budownictwie, wyk\u0142adowca studi\u00f3w podyplomowych Politechniki Krakowskiej w dziedzinie zarz\u0105dzania bezpiecze\u0144stwem.<\/span><\/p>\n<p>Program seminarium:<\/p>\n<ol>\n<li>Obowi\u0105zki i odpowiedzialno\u015b\u0107 os\u00f3b nadzoruj\u0105cych prace budowlane<\/li>\n<li>Przyk\u0142ady nieprawid\u0142owo\u015bci w organizacji stanowisk pracy w budownictwie<\/li>\n<li>Wypadki przy pracy &#8211; analiza b\u0142\u0119d\u00f3w organizacyjno- technicznych<\/li>\n<\/ol>\n<p><img decoding=\"async\" loading=\"lazy\" class=\"aligncenter wp-image-1445\" src=\"http:\/\/www.not-tarnow.pl\/wp-content\/uploads\/2018\/04\/z.jpg\" alt=\"\" width=\"689\" height=\"309\" srcset=\"https:\/\/www.not-tarnow.pl\/wp-content\/uploads\/2018\/04\/z.jpg 3648w, https:\/\/www.not-tarnow.pl\/wp-content\/uploads\/2018\/04\/z-300x135.jpg 300w, https:\/\/www.not-tarnow.pl\/wp-content\/uploads\/2018\/04\/z-768x345.jpg 768w, https:\/\/www.not-tarnow.pl\/wp-content\/uploads\/2018\/04\/z-1024x460.jpg 1024w\" sizes=\"(max-width: 689px) 100vw, 689px\" \/><\/p>\n<hr \/>\n<p><img decoding=\"async\" loading=\"lazy\" class=\"aligncenter wp-image-1399\" src=\"http:\/\/www.not-tarnow.pl\/wp-content\/uploads\/2018\/03\/hybrid1.png\" alt=\"\" width=\"422\" height=\"274\" srcset=\"https:\/\/www.not-tarnow.pl\/wp-content\/uploads\/2018\/03\/hybrid1.png 713w, https:\/\/www.not-tarnow.pl\/wp-content\/uploads\/2018\/03\/hybrid1-300x195.png 300w\" sizes=\"(max-width: 422px) 100vw, 422px\" \/>Dnia 14 kwietnia 2018 r. Naczelna Organizacja Techniczna w Tarnowie zorganizowa\u0142a <strong>seminarium szkoleniowe dokszta\u0142caj\u0105ce dla mechanik\u00f3w, diagnost\u00f3w, blacharzy, lakiernik\u00f3w, wulkanizator\u00f3w serwis\u00f3w samochodowych<\/strong> pt.<\/p>\n<h3 style=\"text-align: center;\"><strong>\u201ePojazdy o\u00a0 nap\u0119dzie hybrydowym i elektrycznym\u201d.<\/strong><\/h3>\n<p><u>Osoba przeszkolona zosta\u0142a zapoznana z wytycznymi odno\u015bnie dozwolonych prac niezwi\u0105zanych z wysokim napi\u0119ciem na pojazdach hybrydowych i elektrycznych oraz procedur\u0105 post\u0119powania podczas naprawy takich pojazd\u00f3w<\/u>.<\/p>\n<p>Podczas szkolenia zosta\u0142y przedstawione nast\u0119puj\u0105ce tematy:<\/p>\n<ol>\n<li>Hybrydyzacja pojazd\u00f3w u\u017cytkowych stan dzisiejszy<\/li>\n<li>Typy, kategorie nap\u0119d\u00f3w hybrydowych i ich rodzaje<\/li>\n<li>Systemy Plug In Hybryd<\/li>\n<li>Dodatkowe funkcje w pojazdach hybrydowych<\/li>\n<li>Budowa pojazd\u00f3w hybrydowych, \u201esystemy na dzisiaj i na jutro\u201d<\/li>\n<li>Przygotowanie warsztatu do napraw pojazd\u00f3w hybrydowych i elektrycznych<\/li>\n<li>Praca w warsztacie z pojazdem hybrydowym<\/li>\n<li>Zgodno\u015b\u0107 z BGV A3 oraz na podstawie BGI\/GUV \u2013 I 8686<\/li>\n<li>Warunki wykonywania bada\u0144 technicznych pojazd\u00f3w z nap\u0119dem hybrydowym i elektrycznym<\/li>\n<li>Na co uwa\u017ca\u0107 przy tradycyjnych naprawach w pojazdach hybrydowych<\/li>\n<li>Baterie pojazd\u00f3w hybrydowych<\/li>\n<li>Uk\u0142ady klimatyzacji w pojazdach hybrydowych<\/li>\n<\/ol>\n<p>W ramach szkolenia uczestnicy otrzymali materia\u0142y szkoleniowe oraz <strong>certyfikat o uko\u0144czeniu seminarium szkoleniowego<\/strong>.<\/p>\n<p>Szkolenie przeprowadzi\u0142 znany do\u015bwiadczony wyk\u0142adowca &#8211; trener Pan Grzegorz Fedorowicz z firmy ZF. Seminarium stanowi podniesienie kwalifikacji zawodowych dla pracownik\u00f3w zgodnie z wymogami Kodeksu Pracy &#8211; art. 94 pkt.6 ustawy z dnia 26.06.1974 (tekst jednolity DZ.U. z 2016 r. poz. 1666 z p\u00f3\u017an. zm.).<\/p>\n<p><img decoding=\"async\" loading=\"lazy\" class=\"aligncenter wp-image-1443\" src=\"http:\/\/www.not-tarnow.pl\/wp-content\/uploads\/2018\/04\/1.jpg\" alt=\"\" width=\"761\" height=\"321\" srcset=\"https:\/\/www.not-tarnow.pl\/wp-content\/uploads\/2018\/04\/1.jpg 1094w, https:\/\/www.not-tarnow.pl\/wp-content\/uploads\/2018\/04\/1-300x126.jpg 300w, https:\/\/www.not-tarnow.pl\/wp-content\/uploads\/2018\/04\/1-768x324.jpg 768w, https:\/\/www.not-tarnow.pl\/wp-content\/uploads\/2018\/04\/1-1024x432.jpg 1024w\" sizes=\"(max-width: 761px) 100vw, 761px\" \/><\/p>\n<hr \/>\n<p><img decoding=\"async\" loading=\"lazy\" class=\"aligncenter wp-image-1389\" src=\"http:\/\/www.not-tarnow.pl\/wp-content\/uploads\/2018\/02\/2018-02-26-Info_MOIIB.jpg\" alt=\"\" width=\"592\" height=\"444\" srcset=\"https:\/\/www.not-tarnow.pl\/wp-content\/uploads\/2018\/02\/2018-02-26-Info_MOIIB.jpg 960w, https:\/\/www.not-tarnow.pl\/wp-content\/uploads\/2018\/02\/2018-02-26-Info_MOIIB-300x225.jpg 300w, https:\/\/www.not-tarnow.pl\/wp-content\/uploads\/2018\/02\/2018-02-26-Info_MOIIB-768x576.jpg 768w\" sizes=\"(max-width: 592px) 100vw, 592px\" \/><\/p>\n<p><img decoding=\"async\" loading=\"lazy\" class=\"aligncenter wp-image-1395\" src=\"http:\/\/www.not-tarnow.pl\/wp-content\/uploads\/2018\/02\/1.jpg\" alt=\"\" width=\"337\" height=\"506\" srcset=\"https:\/\/www.not-tarnow.pl\/wp-content\/uploads\/2018\/02\/1.jpg 1620w, https:\/\/www.not-tarnow.pl\/wp-content\/uploads\/2018\/02\/1-200x300.jpg 200w, https:\/\/www.not-tarnow.pl\/wp-content\/uploads\/2018\/02\/1-768x1152.jpg 768w, https:\/\/www.not-tarnow.pl\/wp-content\/uploads\/2018\/02\/1-683x1024.jpg 683w\" sizes=\"(max-width: 337px) 100vw, 337px\" \/><\/p>\n<p>Prezentuj\u0105cym by\u0142 dr Marek Chyc &#8211; naukowiec Zak\u0142adu Ochrony \u015arodowiska PWSZ w Tarnowie, \u201ePionier Innowacji 2017\u201d w konkursie \u201eTarnowska Innowacja\u201d doceniony za \u201ewalk\u0119 ze smogiem\u201d, a w szczeg\u00f3lno\u015bci za wynalezienie dodatku do w\u0119gla, kt\u00f3ry zmniejsza ilo\u015b\u0107 py\u0142\u00f3w powstaj\u0105cych podczas jego spalania. <img decoding=\"async\" loading=\"lazy\" class=\"aligncenter wp-image-1396\" src=\"http:\/\/www.not-tarnow.pl\/wp-content\/uploads\/2018\/02\/2.jpg\" alt=\"\" width=\"587\" height=\"391\" srcset=\"https:\/\/www.not-tarnow.pl\/wp-content\/uploads\/2018\/02\/2.jpg 3648w, https:\/\/www.not-tarnow.pl\/wp-content\/uploads\/2018\/02\/2-300x200.jpg 300w, https:\/\/www.not-tarnow.pl\/wp-content\/uploads\/2018\/02\/2-768x512.jpg 768w, https:\/\/www.not-tarnow.pl\/wp-content\/uploads\/2018\/02\/2-1024x683.jpg 1024w\" sizes=\"(max-width: 587px) 100vw, 587px\" \/><\/p>\n<hr \/>\n<p><img decoding=\"async\" loading=\"lazy\" class=\"aligncenter wp-image-1383\" src=\"http:\/\/www.not-tarnow.pl\/wp-content\/uploads\/2018\/02\/2018-02-12-Info_MOIIB.jpg\" alt=\"\" width=\"592\" height=\"444\" srcset=\"https:\/\/www.not-tarnow.pl\/wp-content\/uploads\/2018\/02\/2018-02-12-Info_MOIIB.jpg 960w, https:\/\/www.not-tarnow.pl\/wp-content\/uploads\/2018\/02\/2018-02-12-Info_MOIIB-300x225.jpg 300w, https:\/\/www.not-tarnow.pl\/wp-content\/uploads\/2018\/02\/2018-02-12-Info_MOIIB-768x576.jpg 768w\" sizes=\"(max-width: 592px) 100vw, 592px\" \/><\/p>\n<p><img decoding=\"async\" loading=\"lazy\" class=\"aligncenter wp-image-1392\" src=\"http:\/\/www.not-tarnow.pl\/wp-content\/uploads\/2018\/02\/SDC12262.jpg\" alt=\"\" width=\"572\" height=\"381\" srcset=\"https:\/\/www.not-tarnow.pl\/wp-content\/uploads\/2018\/02\/SDC12262.jpg 3648w, https:\/\/www.not-tarnow.pl\/wp-content\/uploads\/2018\/02\/SDC12262-300x200.jpg 300w, https:\/\/www.not-tarnow.pl\/wp-content\/uploads\/2018\/02\/SDC12262-768x512.jpg 768w, https:\/\/www.not-tarnow.pl\/wp-content\/uploads\/2018\/02\/SDC12262-1024x683.jpg 1024w\" sizes=\"(max-width: 572px) 100vw, 572px\" \/>Celem szkolenia by\u0142o zwi\u0119kszenie \u015bwiadomo\u015bci z korzy\u015bci p\u0142yn\u0105cych z zastosowa\u0144 technologii FRP w budownictwie. Przedstawienie produkt\u00f3w z dziedziny wzmacniaj\u0105cych materia\u0142\u00f3w w\u0142\u00f3knistych jako efektywniejszych i szybszych w wykonaniu system\u00f3w wzmacniania konstrukcji murowych, \u017celbetowych, stalowych i drewnianych. Om\u00f3wienie zagadnie\u0144 zwi\u0105zanych z projektowaniem i doborem odpowiedniego rodzaju kompozytu oraz technologii wzmocnie\u0144 elementu budowlanego. Metodyka aplikacji kompozyt\u00f3w jak i p\u00f3\u017aniejszej kontroli jako\u015bci wykonania. Zagro\u017cenia p\u0142yn\u0105ce z nieprawid\u0142owego zastosowania technologii kompozytowej. Zwr\u00f3cenie uwagi na re\u017cim technologiczny niezb\u0119dny do prawid\u0142owego stosowania produkt\u00f3w z rodziny FRP. Przyk\u0142ady ciekawych realizacji zar\u00f3wno w naszym kraju jak i na ca\u0142ym \u015bwiecie.<\/p>\n<p>Opracowanie i prowadzenie szkolenia \u2013 Tomasz Bartosik i \u0141ukasz Szuma\u0142a z firmy S&amp;P Polska.<\/p>\n<hr \/>\n<p><img decoding=\"async\" loading=\"lazy\" class=\"aligncenter wp-image-1318\" src=\"http:\/\/www.not-tarnow.pl\/wp-content\/uploads\/2017\/11\/Slajd1.jpg\" alt=\"PageLines- Slajd1.JPG\" width=\"602\" height=\"452\" srcset=\"https:\/\/www.not-tarnow.pl\/wp-content\/uploads\/2017\/11\/Slajd1.jpg 960w, https:\/\/www.not-tarnow.pl\/wp-content\/uploads\/2017\/11\/Slajd1-300x225.jpg 300w, https:\/\/www.not-tarnow.pl\/wp-content\/uploads\/2017\/11\/Slajd1-768x576.jpg 768w\" sizes=\"(max-width: 602px) 100vw, 602px\" \/><a href=\"http:\/\/www.not-tarnow.pl\/wp-content\/uploads\/2018\/01\/Slajd3.jpg\"><img decoding=\"async\" loading=\"lazy\" class=\"aligncenter wp-image-1347\" src=\"http:\/\/www.not-tarnow.pl\/wp-content\/uploads\/2018\/01\/Slajd3.jpg\" alt=\"\" width=\"602\" height=\"452\" srcset=\"https:\/\/www.not-tarnow.pl\/wp-content\/uploads\/2018\/01\/Slajd3.jpg 960w, https:\/\/www.not-tarnow.pl\/wp-content\/uploads\/2018\/01\/Slajd3-300x225.jpg 300w, https:\/\/www.not-tarnow.pl\/wp-content\/uploads\/2018\/01\/Slajd3-768x576.jpg 768w\" sizes=\"(max-width: 602px) 100vw, 602px\" \/><\/a><\/p>\n<p style=\"text-align: center;\">________________________________________________________________________<\/p>\n<h4 style=\"text-align: center;\"><img decoding=\"async\" loading=\"lazy\" class=\"aligncenter wp-image-1300\" src=\"http:\/\/www.not-tarnow.pl\/wp-content\/uploads\/2017\/10\/Slajd1.jpg\" alt=\"PageLines- Slajd1.JPG\" width=\"601\" height=\"451\" srcset=\"https:\/\/www.not-tarnow.pl\/wp-content\/uploads\/2017\/10\/Slajd1.jpg 960w, https:\/\/www.not-tarnow.pl\/wp-content\/uploads\/2017\/10\/Slajd1-300x225.jpg 300w, https:\/\/www.not-tarnow.pl\/wp-content\/uploads\/2017\/10\/Slajd1-768x576.jpg 768w\" sizes=\"(max-width: 601px) 100vw, 601px\" \/><img decoding=\"async\" loading=\"lazy\" class=\"aligncenter wp-image-1301\" src=\"http:\/\/www.not-tarnow.pl\/wp-content\/uploads\/2016\/11\/Slajd2-5.jpg\" alt=\"Slajd2\" width=\"600\" height=\"450\" srcset=\"https:\/\/www.not-tarnow.pl\/wp-content\/uploads\/2016\/11\/Slajd2-5.jpg 960w, https:\/\/www.not-tarnow.pl\/wp-content\/uploads\/2016\/11\/Slajd2-5-300x225.jpg 300w, https:\/\/www.not-tarnow.pl\/wp-content\/uploads\/2016\/11\/Slajd2-5-768x576.jpg 768w\" sizes=\"(max-width: 600px) 100vw, 600px\" \/><img decoding=\"async\" loading=\"lazy\" class=\"aligncenter wp-image-1302\" src=\"http:\/\/www.not-tarnow.pl\/wp-content\/uploads\/2016\/11\/Slajd3-3.jpg\" alt=\"Slajd3\" width=\"600\" height=\"450\" srcset=\"https:\/\/www.not-tarnow.pl\/wp-content\/uploads\/2016\/11\/Slajd3-3.jpg 960w, https:\/\/www.not-tarnow.pl\/wp-content\/uploads\/2016\/11\/Slajd3-3-300x225.jpg 300w, https:\/\/www.not-tarnow.pl\/wp-content\/uploads\/2016\/11\/Slajd3-3-768x576.jpg 768w\" sizes=\"(max-width: 600px) 100vw, 600px\" \/><\/h4>\n<h4 style=\"text-align: center;\"><a href=\"http:\/\/www.not-tarnow.pl\/wp-content\/uploads\/2016\/11\/2017-10-23-Info_MOIIB-1.jpg\"><img decoding=\"async\" loading=\"lazy\" class=\"aligncenter wp-image-1315\" src=\"http:\/\/www.not-tarnow.pl\/wp-content\/uploads\/2016\/11\/2017-10-23-Info_MOIIB-1.jpg\" alt=\"2017-10-23 Info_MOIIB\" width=\"600\" height=\"450\" srcset=\"https:\/\/www.not-tarnow.pl\/wp-content\/uploads\/2016\/11\/2017-10-23-Info_MOIIB-1.jpg 960w, https:\/\/www.not-tarnow.pl\/wp-content\/uploads\/2016\/11\/2017-10-23-Info_MOIIB-1-300x225.jpg 300w, https:\/\/www.not-tarnow.pl\/wp-content\/uploads\/2016\/11\/2017-10-23-Info_MOIIB-1-768x576.jpg 768w\" sizes=\"(max-width: 600px) 100vw, 600px\" \/><\/a>__________________________________________________________________<\/h4>\n<h4 style=\"text-align: center;\"><a href=\"http:\/\/www.not-tarnow.pl\/wp-content\/uploads\/2017\/05\/Slajd1.jpg\"><img decoding=\"async\" loading=\"lazy\" class=\"aligncenter wp-image-1279\" src=\"http:\/\/www.not-tarnow.pl\/wp-content\/uploads\/2017\/05\/Slajd1.jpg\" alt=\"PageLines- Slajd1.JPG\" width=\"600\" height=\"450\" srcset=\"https:\/\/www.not-tarnow.pl\/wp-content\/uploads\/2017\/05\/Slajd1.jpg 960w, https:\/\/www.not-tarnow.pl\/wp-content\/uploads\/2017\/05\/Slajd1-300x225.jpg 300w, https:\/\/www.not-tarnow.pl\/wp-content\/uploads\/2017\/05\/Slajd1-768x576.jpg 768w\" sizes=\"(max-width: 600px) 100vw, 600px\" \/><\/a><a href=\"http:\/\/www.not-tarnow.pl\/wp-content\/uploads\/2016\/11\/Slajd3-2.jpg\"><img decoding=\"async\" loading=\"lazy\" class=\"aligncenter wp-image-1280\" src=\"http:\/\/www.not-tarnow.pl\/wp-content\/uploads\/2016\/11\/Slajd3-2.jpg\" alt=\"Slajd3\" width=\"601\" height=\"451\" srcset=\"https:\/\/www.not-tarnow.pl\/wp-content\/uploads\/2016\/11\/Slajd3-2.jpg 960w, https:\/\/www.not-tarnow.pl\/wp-content\/uploads\/2016\/11\/Slajd3-2-300x225.jpg 300w, https:\/\/www.not-tarnow.pl\/wp-content\/uploads\/2016\/11\/Slajd3-2-768x576.jpg 768w\" sizes=\"(max-width: 601px) 100vw, 601px\" \/><\/a>_______________________________________________________________<img decoding=\"async\" loading=\"lazy\" class=\"aligncenter wp-image-1268\" src=\"http:\/\/www.not-tarnow.pl\/wp-content\/uploads\/2017\/04\/Slajd1.jpg\" alt=\"PageLines- Slajd1.JPG\" width=\"603\" height=\"452\" srcset=\"https:\/\/www.not-tarnow.pl\/wp-content\/uploads\/2017\/04\/Slajd1.jpg 960w, https:\/\/www.not-tarnow.pl\/wp-content\/uploads\/2017\/04\/Slajd1-300x225.jpg 300w, https:\/\/www.not-tarnow.pl\/wp-content\/uploads\/2017\/04\/Slajd1-768x576.jpg 768w\" sizes=\"(max-width: 603px) 100vw, 603px\" \/><a href=\"http:\/\/www.not-tarnow.pl\/wp-content\/uploads\/2016\/11\/program.jpg\"><img decoding=\"async\" loading=\"lazy\" class=\"aligncenter wp-image-1275\" src=\"http:\/\/www.not-tarnow.pl\/wp-content\/uploads\/2016\/11\/program.jpg\" alt=\"program\" width=\"602\" height=\"452\" srcset=\"https:\/\/www.not-tarnow.pl\/wp-content\/uploads\/2016\/11\/program.jpg 960w, https:\/\/www.not-tarnow.pl\/wp-content\/uploads\/2016\/11\/program-300x225.jpg 300w, https:\/\/www.not-tarnow.pl\/wp-content\/uploads\/2016\/11\/program-768x576.jpg 768w\" sizes=\"(max-width: 602px) 100vw, 602px\" \/><\/a>&#8212;&#8212;&#8212;&#8212;&#8212;&#8212;&#8212;&#8212;&#8212;&#8212;&#8212;&#8212;&#8212;&#8212;&#8212;&#8212;&#8212;&#8212;&#8212;&#8212;&#8212;&#8212;&#8212;&#8212;&#8212;&#8212;&#8212;&#8212;&#8212;&#8212;&#8212;&#8212;&#8212;-<img decoding=\"async\" loading=\"lazy\" class=\"aligncenter wp-image-1263\" src=\"http:\/\/www.not-tarnow.pl\/wp-content\/uploads\/2017\/03\/Info_MOIIB_03.04.2017.jpg\" alt=\"PageLines- Info_MOIIB_03.04.2017.jpg\" width=\"561\" height=\"421\" srcset=\"https:\/\/www.not-tarnow.pl\/wp-content\/uploads\/2017\/03\/Info_MOIIB_03.04.2017.jpg 960w, https:\/\/www.not-tarnow.pl\/wp-content\/uploads\/2017\/03\/Info_MOIIB_03.04.2017-300x225.jpg 300w, https:\/\/www.not-tarnow.pl\/wp-content\/uploads\/2017\/03\/Info_MOIIB_03.04.2017-768x576.jpg 768w\" sizes=\"(max-width: 561px) 100vw, 561px\" \/><a href=\"http:\/\/www.not-tarnow.pl\/wp-content\/uploads\/2016\/11\/Slajd2-4.jpg\">____________________________________________________________________<img decoding=\"async\" loading=\"lazy\" class=\"aligncenter wp-image-1257\" src=\"http:\/\/www.not-tarnow.pl\/wp-content\/uploads\/2017\/03\/Slajd1.jpg\" alt=\"PageLines- Slajd1.JPG\" width=\"679\" height=\"320\" srcset=\"https:\/\/www.not-tarnow.pl\/wp-content\/uploads\/2017\/03\/Slajd1.jpg 793w, https:\/\/www.not-tarnow.pl\/wp-content\/uploads\/2017\/03\/Slajd1-300x141.jpg 300w, https:\/\/www.not-tarnow.pl\/wp-content\/uploads\/2017\/03\/Slajd1-768x362.jpg 768w\" sizes=\"(max-width: 679px) 100vw, 679px\" \/><img decoding=\"async\" loading=\"lazy\" class=\"aligncenter wp-image-1258\" src=\"http:\/\/www.not-tarnow.pl\/wp-content\/uploads\/2016\/11\/Slajd2-4.jpg\" alt=\"Slajd2\" width=\"679\" height=\"320\" srcset=\"https:\/\/www.not-tarnow.pl\/wp-content\/uploads\/2016\/11\/Slajd2-4.jpg 793w, https:\/\/www.not-tarnow.pl\/wp-content\/uploads\/2016\/11\/Slajd2-4-300x141.jpg 300w, https:\/\/www.not-tarnow.pl\/wp-content\/uploads\/2016\/11\/Slajd2-4-768x362.jpg 768w\" sizes=\"(max-width: 679px) 100vw, 679px\" \/><\/a>_________________________________________________________________<a href=\"http:\/\/www.not-tarnow.pl\/wp-content\/uploads\/2017\/03\/Info_MOIIB_13-03-2017.jpg\"><img decoding=\"async\" loading=\"lazy\" class=\"aligncenter wp-image-1234\" src=\"http:\/\/www.not-tarnow.pl\/wp-content\/uploads\/2017\/03\/Info_MOIIB_13-03-2017.jpg\" alt=\"PageLines- Info_MOIIB_13-03-2017.jpg\" width=\"496\" height=\"372\" srcset=\"https:\/\/www.not-tarnow.pl\/wp-content\/uploads\/2017\/03\/Info_MOIIB_13-03-2017.jpg 960w, https:\/\/www.not-tarnow.pl\/wp-content\/uploads\/2017\/03\/Info_MOIIB_13-03-2017-300x225.jpg 300w, https:\/\/www.not-tarnow.pl\/wp-content\/uploads\/2017\/03\/Info_MOIIB_13-03-2017-768x576.jpg 768w\" sizes=\"(max-width: 496px) 100vw, 496px\" \/><span style=\"color: #000000;\">_______________________________________________________________________<\/span><\/a><a href=\"http:\/\/www.not-tarnow.pl\/wp-content\/uploads\/2017\/02\/Info_MOIIB.jpg\"><img decoding=\"async\" loading=\"lazy\" class=\"aligncenter wp-image-1232\" src=\"http:\/\/www.not-tarnow.pl\/wp-content\/uploads\/2017\/02\/Info_MOIIB.jpg\" alt=\"PageLines- Info_MOIIB.jpg\" width=\"492\" height=\"369\" srcset=\"https:\/\/www.not-tarnow.pl\/wp-content\/uploads\/2017\/02\/Info_MOIIB.jpg 960w, https:\/\/www.not-tarnow.pl\/wp-content\/uploads\/2017\/02\/Info_MOIIB-300x225.jpg 300w, https:\/\/www.not-tarnow.pl\/wp-content\/uploads\/2017\/02\/Info_MOIIB-768x576.jpg 768w\" sizes=\"(max-width: 492px) 100vw, 492px\" \/><\/a><a href=\"http:\/\/www.not-tarnow.pl\/wp-content\/uploads\/2017\/02\/Slajd1.jpg\">____________________________________________________________<img decoding=\"async\" loading=\"lazy\" class=\"aligncenter wp-image-1227\" src=\"http:\/\/www.not-tarnow.pl\/wp-content\/uploads\/2017\/02\/Slajd1.jpg\" alt=\"PageLines- Slajd1.JPG\" width=\"521\" height=\"391\" srcset=\"https:\/\/www.not-tarnow.pl\/wp-content\/uploads\/2017\/02\/Slajd1.jpg 960w, https:\/\/www.not-tarnow.pl\/wp-content\/uploads\/2017\/02\/Slajd1-300x225.jpg 300w, https:\/\/www.not-tarnow.pl\/wp-content\/uploads\/2017\/02\/Slajd1-768x576.jpg 768w\" sizes=\"(max-width: 521px) 100vw, 521px\" \/><\/a><a href=\"http:\/\/www.not-tarnow.pl\/wp-content\/uploads\/2016\/11\/ZG\u0141OSZENIE-UDZIA\u0141U-1.doc\"><img decoding=\"async\" loading=\"lazy\" class=\"aligncenter wp-image-1228\" src=\"http:\/\/www.not-tarnow.pl\/wp-content\/uploads\/2016\/11\/Slajd2-2.jpg\" alt=\"Slajd2\" width=\"519\" height=\"390\" srcset=\"https:\/\/www.not-tarnow.pl\/wp-content\/uploads\/2016\/11\/Slajd2-2.jpg 960w, https:\/\/www.not-tarnow.pl\/wp-content\/uploads\/2016\/11\/Slajd2-2-300x225.jpg 300w, https:\/\/www.not-tarnow.pl\/wp-content\/uploads\/2016\/11\/Slajd2-2-768x576.jpg 768w\" sizes=\"(max-width: 519px) 100vw, 519px\" \/><\/a>________________________________________________________________<\/h4>\n<h4 style=\"text-align: center;\"><a href=\"http:\/\/www.not-tarnow.pl\/wp-content\/uploads\/2017\/01\/Slajd1.jpg\"><img decoding=\"async\" loading=\"lazy\" class=\"aligncenter wp-image-1211\" src=\"http:\/\/www.not-tarnow.pl\/wp-content\/uploads\/2017\/01\/Slajd1.jpg\" alt=\"PageLines- Slajd1.JPG\" width=\"500\" height=\"375\" srcset=\"https:\/\/www.not-tarnow.pl\/wp-content\/uploads\/2017\/01\/Slajd1.jpg 960w, https:\/\/www.not-tarnow.pl\/wp-content\/uploads\/2017\/01\/Slajd1-300x225.jpg 300w, https:\/\/www.not-tarnow.pl\/wp-content\/uploads\/2017\/01\/Slajd1-768x576.jpg 768w\" sizes=\"(max-width: 500px) 100vw, 500px\" \/><\/a><a href=\"http:\/\/www.not-tarnow.pl\/wp-content\/uploads\/2016\/11\/Slajd3.jpg\"><img decoding=\"async\" loading=\"lazy\" class=\"aligncenter wp-image-1213\" src=\"http:\/\/www.not-tarnow.pl\/wp-content\/uploads\/2016\/11\/Slajd3.jpg\" alt=\"Slajd3\" width=\"500\" height=\"375\" srcset=\"https:\/\/www.not-tarnow.pl\/wp-content\/uploads\/2016\/11\/Slajd3.jpg 960w, https:\/\/www.not-tarnow.pl\/wp-content\/uploads\/2016\/11\/Slajd3-300x225.jpg 300w, https:\/\/www.not-tarnow.pl\/wp-content\/uploads\/2016\/11\/Slajd3-768x576.jpg 768w\" sizes=\"(max-width: 500px) 100vw, 500px\" \/><\/a>_________________________________________________________________________<\/h4>\n<p style=\"text-align: center;\"><span style=\"color: #800000;\"><strong>Eliminacje rejonowe XLIII Olimpiady Wiedzy Technicznej w ZST<\/strong><\/span><\/p>\n<p><a href=\"http:\/\/www.not-tarnow.pl\/wp-content\/uploads\/2016\/11\/43OWT.png\"><img decoding=\"async\" loading=\"lazy\" class=\"aligncenter wp-image-1218\" src=\"http:\/\/www.not-tarnow.pl\/wp-content\/uploads\/2016\/11\/43OWT.png\" alt=\"43OWT\" width=\"499\" height=\"361\" srcset=\"https:\/\/www.not-tarnow.pl\/wp-content\/uploads\/2016\/11\/43OWT.png 694w, https:\/\/www.not-tarnow.pl\/wp-content\/uploads\/2016\/11\/43OWT-300x217.png 300w\" sizes=\"(max-width: 499px) 100vw, 499px\" \/><\/a> <a href=\"http:\/\/www.not-tarnow.pl\/wp-content\/uploads\/2016\/11\/43OWT_2.png\"><img decoding=\"async\" loading=\"lazy\" class=\"aligncenter wp-image-1219\" src=\"http:\/\/www.not-tarnow.pl\/wp-content\/uploads\/2016\/11\/43OWT_2.png\" alt=\"43OWT_2\" width=\"498\" height=\"330\" srcset=\"https:\/\/www.not-tarnow.pl\/wp-content\/uploads\/2016\/11\/43OWT_2.png 761w, https:\/\/www.not-tarnow.pl\/wp-content\/uploads\/2016\/11\/43OWT_2-300x199.png 300w\" sizes=\"(max-width: 498px) 100vw, 498px\" \/><\/a>W dniu 11.01.2017 r. w Zespole Szk\u00f3\u0142 Technicznych im. Ignacego Mo\u015bcickiego odby\u0142y si\u0119 eliminacje rejonowe <strong>XLIII Olimpiady Wiedzy Technicznej<\/strong>. Uczestniczy\u0142o w nich 67 uczni\u00f3w\u00a0 ze szk\u00f3\u0142 Technicznych regionu tarnowsko-s\u0105deckiego.<\/p>\n<p>Na otwarciu Olimpiady obecny by\u0142 przedstawiciel Zarz\u0105du Naczelnej Organizacji Technicznej w Tarnowie p. Zbigniew Paprocki, Dyrektor Infrastruktury ds. Rozwoju GRUPA AZOTY p. Stanis\u0142aw Oczkowicz oraz Dyrektor Delegatury Tarnowskiej Kuratorium Krak\u00f3w p. Artur Puci\u0142owski.<\/p>\n<p>Komisja pracowa\u0142a w sk\u0142adzie: Barbara Pajdo, Andrzej Witkowski, Andrzej Szlanta oraz W\u0142adys\u0142aw Strejczyk.<\/p>\n<p><em>fot. Natalia G\u0105dek (ZST Tarn\u00f3w)<\/em><\/p>\n<p style=\"text-align: center;\">__________________________________________________________________________-__<\/p>\n<h2 style=\"text-align: center;\"><span style=\"color: #800000;\"><strong>NOT-owskie Zaduszki<\/strong><\/span><\/h2>\n<p style=\"text-align: center;\"><img decoding=\"async\" loading=\"lazy\" class=\"aligncenter wp-image-1182\" src=\"http:\/\/www.not-tarnow.pl\/wp-content\/uploads\/2016\/12\/Slajd1.jpg\" alt=\"PageLines- Slajd1.JPG\" width=\"579\" height=\"435\" srcset=\"https:\/\/www.not-tarnow.pl\/wp-content\/uploads\/2016\/12\/Slajd1.jpg 960w, https:\/\/www.not-tarnow.pl\/wp-content\/uploads\/2016\/12\/Slajd1-300x225.jpg 300w, https:\/\/www.not-tarnow.pl\/wp-content\/uploads\/2016\/12\/Slajd1-768x576.jpg 768w\" sizes=\"(max-width: 579px) 100vw, 579px\" \/><\/p>\n<p><strong>Pami\u0119\u0107 o Kole\u017cankach i Kolegach, kt\u00f3rzy odeszli ze \u015brodowiska technicznych stowarzysze\u0144 i tw\u00f3rczych gospodarczo profesji \u2013 kultywujemy w tarnowskim Domu Technika w formie Zaduszkowych NOT-owskich spotka\u0144.<\/strong><\/p>\n<p>Zarz\u0105d tarnowskiej Naczelnej Organizacji Technicznej wraz ze stowarzyszeniami technicznymi jest autorem i wydawc\u0105 ksi\u0105\u017ckowej edycji zaduszkowych wspomnie\u0144 o tarnowskich in\u017cynierach i technikach, pozostaj\u0105cych w naszej wdzi\u0119cznej i trwa\u0142ej pami\u0119ci.<\/p>\n<p>Tradycj\u0105 jest ich sekwencyjne przybli\u017cenie na zaduszkowych spotkaniach. Obecny okres, ubogacony w Domu Technika foto-wystaw\u0105 pt. <em>\u201eTechnika wojenna frontu, zaplecza i logistyki I Wojny \u015awiatowej oraz batalii tarnowsko-gorlickiej\u201d<\/em>, zainspirowa\u0142 do wydania przez tutejszy NOT drugiej cz\u0119\u015bci zaduszkowej ksi\u0105\u017cki pod tytu\u0142em <em>\u201eZ naszych rodzinnych album\u00f3w wspomnienia o uczestnikach I Wojny \u015awiatowej i walk o niepodleg\u0142o\u015b\u0107 II RP\u201d<\/em>.<\/p>\n<p>Zawiera ona prezentowane na wystawie i konferencjach jej towarzysz\u0105cych wspomnienia, przygotowane przez Koleg\u00f3w zwi\u0105zanych rodzinnie lub \u015brodowiskowo z \u017co\u0142nierzami tych walk i batalii. Wysi\u0142ek i ich po\u015bwi\u0119cenie na bitewnych frontach, przez kt\u00f3re prowadzi\u0142y drogi do odzyskania niepodleg\u0142o\u015bci, stanowi dzi\u015b temat kolejnych listopadowych NOT-wskich Zaduszek.<\/p>\n<p><a href=\"http:\/\/www.not-tarnow.pl\/wp-content\/uploads\/2016\/11\/Zaduszki-NOT-2016.jpg\"><img decoding=\"async\" loading=\"lazy\" class=\"aligncenter wp-image-1191\" src=\"http:\/\/www.not-tarnow.pl\/wp-content\/uploads\/2016\/11\/Zaduszki-NOT-2016.jpg\" alt=\"zaduszki-not-2016\" width=\"578\" height=\"434\" srcset=\"https:\/\/www.not-tarnow.pl\/wp-content\/uploads\/2016\/11\/Zaduszki-NOT-2016.jpg 960w, https:\/\/www.not-tarnow.pl\/wp-content\/uploads\/2016\/11\/Zaduszki-NOT-2016-300x225.jpg 300w, https:\/\/www.not-tarnow.pl\/wp-content\/uploads\/2016\/11\/Zaduszki-NOT-2016-768x576.jpg 768w\" sizes=\"(max-width: 578px) 100vw, 578px\" \/><\/a><a href=\"http:\/\/www.not-tarnow.pl\/wp-content\/uploads\/2016\/11\/Zaduszki-NOT-2016.2.jpg\"><img decoding=\"async\" loading=\"lazy\" class=\"aligncenter wp-image-1190\" src=\"http:\/\/www.not-tarnow.pl\/wp-content\/uploads\/2016\/11\/Zaduszki-NOT-2016.2.jpg\" alt=\"zaduszki-not-2016-2\" width=\"578\" height=\"434\" srcset=\"https:\/\/www.not-tarnow.pl\/wp-content\/uploads\/2016\/11\/Zaduszki-NOT-2016.2.jpg 960w, https:\/\/www.not-tarnow.pl\/wp-content\/uploads\/2016\/11\/Zaduszki-NOT-2016.2-300x225.jpg 300w, https:\/\/www.not-tarnow.pl\/wp-content\/uploads\/2016\/11\/Zaduszki-NOT-2016.2-768x576.jpg 768w\" sizes=\"(max-width: 578px) 100vw, 578px\" \/><\/a> ___________________________________________________________________________<a href=\"http:\/\/www.not-tarnow.pl\/wp-content\/uploads\/2016\/11\/wst\u0119p-24.11.2016.jpg\"><img decoding=\"async\" loading=\"lazy\" class=\"aligncenter wp-image-1207\" src=\"http:\/\/www.not-tarnow.pl\/wp-content\/uploads\/2016\/11\/wst\u0119p-24.11.2016.jpg\" alt=\"wstep-24-11-2016\" width=\"604\" height=\"453\" srcset=\"https:\/\/www.not-tarnow.pl\/wp-content\/uploads\/2016\/11\/wst\u0119p-24.11.2016.jpg 960w, https:\/\/www.not-tarnow.pl\/wp-content\/uploads\/2016\/11\/wst\u0119p-24.11.2016-300x225.jpg 300w, https:\/\/www.not-tarnow.pl\/wp-content\/uploads\/2016\/11\/wst\u0119p-24.11.2016-768x576.jpg 768w\" sizes=\"(max-width: 604px) 100vw, 604px\" \/><\/a><\/p>\n<p><a href=\"http:\/\/www.not-tarnow.pl\/wp-content\/uploads\/2016\/11\/Slajd2.jpg\"><img decoding=\"async\" loading=\"lazy\" class=\"aligncenter wp-image-1193\" src=\"http:\/\/www.not-tarnow.pl\/wp-content\/uploads\/2016\/11\/Slajd2.jpg\" alt=\"slajd2\" width=\"571\" height=\"429\" srcset=\"https:\/\/www.not-tarnow.pl\/wp-content\/uploads\/2016\/11\/Slajd2.jpg 960w, https:\/\/www.not-tarnow.pl\/wp-content\/uploads\/2016\/11\/Slajd2-300x225.jpg 300w, https:\/\/www.not-tarnow.pl\/wp-content\/uploads\/2016\/11\/Slajd2-768x576.jpg 768w\" sizes=\"(max-width: 571px) 100vw, 571px\" \/><\/a>Wystawa <em>\u201eTechniki frontu, zaplecza i logistyki I wojny \u015bwiatowej i batalii tarnowsko-gorlickiej\u201d<\/em> w 2016 roku zosta\u0142a poszerzona o tematyk\u0119 pt. <em>\u201eZ szacunkiem dla pami\u0119ci bliskich nam \u017co\u0142nierzy I Wojny \u015awiatowej\u201d.\u00a0 <\/em>W celu propagacji bardzo bogatej i szerokiej tematyki wydali\u015bmy Album z tej wystawy na p\u0142ytach CD.<\/p>\n<p>Projekt jest wsp\u00f3\u0142finansowany z bud\u017cetu miasta Tarnowa.<\/p>\n<p>22 i 24 listopada 2016 r. odby\u0142y si\u0119 konferencje towarzysz\u0105ce, na kt\u00f3rych uczestnikom zosta\u0142y rozdane <a href=\"http:\/\/www.not-tarnow.pl\/index.php\/wystawy\/wystawa-techniki-frontu-zaplecza-i-logistyki-i-wojny-swiatowej-i-batalii-tarnowsko-gorlickiej\/\">Albumy z wystawy<\/a>.<\/p>\n<p><a href=\"http:\/\/www.not-tarnow.pl\/wp-content\/uploads\/2016\/11\/1.jpg\"><img decoding=\"async\" loading=\"lazy\" class=\"aligncenter wp-image-1195\" src=\"http:\/\/www.not-tarnow.pl\/wp-content\/uploads\/2016\/11\/1.jpg\" alt=\"1\" width=\"679\" height=\"428\" srcset=\"https:\/\/www.not-tarnow.pl\/wp-content\/uploads\/2016\/11\/1.jpg 1094w, https:\/\/www.not-tarnow.pl\/wp-content\/uploads\/2016\/11\/1-300x189.jpg 300w, https:\/\/www.not-tarnow.pl\/wp-content\/uploads\/2016\/11\/1-768x484.jpg 768w, https:\/\/www.not-tarnow.pl\/wp-content\/uploads\/2016\/11\/1-1024x645.jpg 1024w\" sizes=\"(max-width: 679px) 100vw, 679px\" \/><\/a>_________________________________________________________________________________<\/p>\n<p><a href=\"http:\/\/www.not-tarnow.pl\/wp-content\/uploads\/2016\/11\/Slajd1.jpg\"><img decoding=\"async\" loading=\"lazy\" class=\"aligncenter wp-image-1165\" src=\"http:\/\/www.not-tarnow.pl\/wp-content\/uploads\/2016\/11\/Slajd1.jpg\" alt=\"PageLines- Slajd1.JPG\" width=\"602\" height=\"452\" srcset=\"https:\/\/www.not-tarnow.pl\/wp-content\/uploads\/2016\/11\/Slajd1.jpg 960w, https:\/\/www.not-tarnow.pl\/wp-content\/uploads\/2016\/11\/Slajd1-300x225.jpg 300w\" sizes=\"(max-width: 602px) 100vw, 602px\" \/><\/a> <a href=\"http:\/\/www.not-tarnow.pl\/wp-content\/uploads\/2013\/01\/Slajd22.jpg\"><img decoding=\"async\" loading=\"lazy\" class=\"aligncenter wp-image-1166\" src=\"http:\/\/www.not-tarnow.pl\/wp-content\/uploads\/2013\/01\/Slajd22.jpg\" alt=\"Slajd2\" width=\"602\" height=\"452\" srcset=\"https:\/\/www.not-tarnow.pl\/wp-content\/uploads\/2013\/01\/Slajd22.jpg 960w, https:\/\/www.not-tarnow.pl\/wp-content\/uploads\/2013\/01\/Slajd22-300x225.jpg 300w\" sizes=\"(max-width: 602px) 100vw, 602px\" \/><\/a> <a href=\"http:\/\/www.not-tarnow.pl\/wp-content\/uploads\/2013\/01\/Slajd33.jpg\"><img decoding=\"async\" loading=\"lazy\" class=\"aligncenter wp-image-1167\" src=\"http:\/\/www.not-tarnow.pl\/wp-content\/uploads\/2013\/01\/Slajd33.jpg\" alt=\"Slajd3\" width=\"602\" height=\"452\" srcset=\"https:\/\/www.not-tarnow.pl\/wp-content\/uploads\/2013\/01\/Slajd33.jpg 960w, https:\/\/www.not-tarnow.pl\/wp-content\/uploads\/2013\/01\/Slajd33-300x225.jpg 300w\" sizes=\"(max-width: 602px) 100vw, 602px\" \/><\/a>Zarz\u0105d tarnowskiej jednostki NOT zorganizowa\u0142 i zrealizowa\u0142 konferencj\u0119 tematyczn\u0105 o innowacyjnych wie\u017cowych generacjach wiatrowych pt. \u201eIII Patenty\u201d.<\/p>\n<p>Prezentowane by\u0142y techniczne rozwi\u0105zania i do\u015bwiadczenia poligonowe autora patent\u00f3w z Ukrainy \u2013 p. Stanislava Husak z Dnipro. Przedstawione zosta\u0142y r\u00f3wnie\u017c finalizowane testy innowacyjnych konstrukcji o wyr\u00f3\u017cniaj\u0105cych parametrach przez pracownika naukowego Pa\u0144stwowej Wy\u017cszej Szko\u0142y Zawodowej w Tarnowie \u2013 p. Piotra Kapustk\u0119. Ze strony NOT przybli\u017cono informacje o komercyjnie realizowanych konstrukcjach wie\u017cowych generacji wiatrowych mocy 0,5 &#8211; 1,0 MW oraz wiedz\u0119 na temat eksploatowanych elektrowni wiatrowych w Kodniu.<\/p>\n<p>Relacje parametr\u00f3w i walor\u00f3w tego typu wie\u017cowych konstrukcji wiatrowych, w por\u00f3wnaniu z rozpowszechnionymi rynkowo produktami wytw\u00f3rc\u00f3w elektrowni wiatrowych (jnp. Vestas, Vensys, Enercon itp.), stanowi\u0142y meritum dyskusji z uczestnikami konferencji. Walory innowacyjnych, patentowych rozwi\u0105za\u0144 i ich rol\u0119 uzupe\u0142niaj\u0105c\u0105 segmenty rynku generacji wiatrowych potwierdza\u0142y liczne argumentacje. Wyr\u00f3\u017cniaj\u0105ce warto\u015bci tych konstrukcji, jak wy\u017csze standardy bezpiecze\u0144stwa dla otoczenia i \u015brodowiska, znaczna oszcz\u0119dno\u015b\u0107 terenu pod zainwestowanie oraz ni\u017csze wymogi wobec s\u0105siaduj\u0105cej zabudowy uzasadnia\u0107 powinny inwestowanie w ich produkcyjny rozw\u00f3j.<\/p>\n<p>Patronat Honorowy konferencji udzielony przez Pa\u0144stwow\u0105 Wy\u017csz\u0105 Szko\u0142\u0119 Zawodow\u0105 w Tarnowie \u2013 reprezentowany przez dr in\u017c. Sebastiana Bieleckiego \u2013 umo\u017cliwi\u0142 zaprezentowanie naszym go\u015bciom z Ukrainy bogat\u0105 ofert\u0119 edukacyjn\u0105 techniczno-badawczego zaplecza tarnowskiej uczelni.<\/p>\n<p>Ponad 50-cio osobowe grono uczestnik\u00f3w, w tym z Grupy Azoty, TAURON Dystrybucja oraz wspieraj\u0105cych organizacyjnie konferencj\u0119 cz\u0142onk\u00f3w Ma\u0142opolskiej Okr\u0119gowej Izby In\u017cynier\u00f3w Budownictwa i naszych stowarzysze\u0144 FSNT \u2013 potwierdzi\u0142o warto\u015b\u0107 tej tematyki.<\/p>\n<p>Obszerny artyku\u0142 Pana Stanislava Husak pt. <em>\u201eEnergia wiatru \u2013 wczoraj, dzi\u015b i jutro<\/em>\u201d, zamieszczony w pa\u017adziernikowym Biuletynie nr 53 Tarnowskiego Oddzia\u0142u Stowarzyszenia Elektryk\u00f3w Polskich, uzupe\u0142nia\u0142 tematyk\u0119 listopadowej konferencji realizowanej przez Zarz\u0105d TJO-NOT Tarn\u00f3w.<\/p>\n<p><a href=\"http:\/\/www.not-tarnow.pl\/wp-content\/uploads\/2016\/11\/1-1.jpg\"><img decoding=\"async\" loading=\"lazy\" class=\"aligncenter size-full wp-image-1201\" src=\"http:\/\/www.not-tarnow.pl\/wp-content\/uploads\/2016\/11\/1-1.jpg\" alt=\"1\" width=\"875\" height=\"391\" srcset=\"https:\/\/www.not-tarnow.pl\/wp-content\/uploads\/2016\/11\/1-1.jpg 875w, https:\/\/www.not-tarnow.pl\/wp-content\/uploads\/2016\/11\/1-1-300x134.jpg 300w, https:\/\/www.not-tarnow.pl\/wp-content\/uploads\/2016\/11\/1-1-768x343.jpg 768w\" sizes=\"(max-width: 875px) 100vw, 875px\" \/><\/a><\/p>\n","protected":false},"excerpt":{"rendered":"<p>&#8222;Forum biomasy \u2013 OZE i wi\u0119cej&#8221; 15 pa\u017adziernika 2020 roku\u00a0 w Domu Technika NOT w Tarnowie odby\u0142a si\u0119 konferencja naukowa<\/p>\n","protected":false},"author":1,"featured_media":0,"parent":0,"menu_order":0,"comment_status":"closed","ping_status":"closed","template":"","meta":{"footnotes":""},"_links":{"self":[{"href":"https:\/\/www.not-tarnow.pl\/index.php\/wp-json\/wp\/v2\/pages\/1179"}],"collection":[{"href":"https:\/\/www.not-tarnow.pl\/index.php\/wp-json\/wp\/v2\/pages"}],"about":[{"href":"https:\/\/www.not-tarnow.pl\/index.php\/wp-json\/wp\/v2\/types\/page"}],"author":[{"embeddable":true,"href":"https:\/\/www.not-tarnow.pl\/index.php\/wp-json\/wp\/v2\/users\/1"}],"replies":[{"embeddable":true,"href":"https:\/\/www.not-tarnow.pl\/index.php\/wp-json\/wp\/v2\/comments?post=1179"}],"version-history":[{"count":61,"href":"https:\/\/www.not-tarnow.pl\/index.php\/wp-json\/wp\/v2\/pages\/1179\/revisions"}],"predecessor-version":[{"id":5203,"href":"https:\/\/www.not-tarnow.pl\/index.php\/wp-json\/wp\/v2\/pages\/1179\/revisions\/5203"}],"wp:attachment":[{"href":"https:\/\/www.not-tarnow.pl\/index.php\/wp-json\/wp\/v2\/media?parent=1179"}],"curies":[{"name":"wp","href":"https:\/\/api.w.org\/{rel}","templated":true}]}}