{"id":1478,"date":"2018-05-25T12:57:19","date_gmt":"2018-05-25T10:57:19","guid":{"rendered":"http:\/\/www.not-tarnow.pl\/?page_id=1478"},"modified":"2018-05-25T12:58:10","modified_gmt":"2018-05-25T10:58:10","slug":"polityka-prywatnosci","status":"publish","type":"page","link":"https:\/\/www.not-tarnow.pl\/index.php\/polityka-prywatnosci\/","title":{"rendered":"Polityka prywatno\u015bci"},"content":{"rendered":"<h2 style=\"text-align: center;\"><strong>Polityka prywatno\u015bci<\/strong><\/h2>\n<hr \/>\n<p>SPIS TRE\u015aCI:<\/p>\n<ol>\n<li>POSTANOWIENIA OG\u00d3LNE<\/li>\n<li>PODSTAWY PRZETWARZANIA DANYCH<\/li>\n<li>CEL, PODSTAWA, OKRES I ZAKRES PRZETWARZANIA DANYCH<\/li>\n<li>ODBIORCY DANYCH<\/li>\n<li>PROFILOWANIE<\/li>\n<li>PRAWA OSOBY, KT\u00d3REJ DANE DOTYCZ\u0104<\/li>\n<li>COOKIES, DANE EKSPLOATACYJNE I ANALITYKA<\/li>\n<li>POSTANOWIENIA KO\u0143COWE<\/li>\n<\/ol>\n<ol>\n<li style=\"list-style-type: none;\">\n<ol>\n<li style=\"list-style-type: none;\">\n<ol>\n<li><strong>POSTANOWIENIA OG\u00d3LNE<\/strong><\/li>\n<\/ol>\n<\/li>\n<\/ol>\n<\/li>\n<\/ol>\n<p>Niniejsza polityka prywatno\u015bci ma charakter informacyjny, co oznacza \u017ce nie jest ona \u017ar\u00f3d\u0142em obowi\u0105zk\u00f3w dla Us\u0142ugobiorc\u00f3w lub Klient\u00f3w firmy. Polityka prywatno\u015bci zawiera przede wszystkim zasady dotycz\u0105ce przetwarzania danych osobowych przez Administratora, w tym podstawy, cele i zakres przetwarzania danych osobowych oraz prawa os\u00f3b, kt\u00f3rych dane dotycz\u0105, a tak\u017ce informacje w zakresie stosowania plik\u00f3w cookies oraz narz\u0119dzi analitycznych.<\/p>\n<p>Administratorem danych osobowych jest Naczelna Organizacja Techniczna Federacja Stowarzysze\u0144 Naukowo-Technicznych Rada w Tarnowie (adres miejsca prowadzenia dzia\u0142alno\u015bci i <u>adres do dor\u0119cze\u0144<\/u>: ul. Rynek 10, 33-100 Tarn\u00f3w) NIP 8730009271, REGON 852746139, adres poczty elektronicznej: <a href=\"mailto:sekretariat@not-tarnow.pl\">sekretariat@not-tarnow.pl<\/a> wpisane do Krajowego Rejestru S\u0105dowego pod nr 0000213416 prowadzonej przez ministra w\u0142a\u015bciwego do spraw gospodarki zwane dalej \u201e<strong>Administratorem<\/strong>\u201d i b\u0119d\u0105cy jednocze\u015bnie Us\u0142ugodawc\u0105 i Sprzedawc\u0105.<\/p>\n<p>Dane osobowe przetwarzane s\u0105 przez Administratora zgodnie z obowi\u0105zuj\u0105cymi przepisami prawa, w szczeg\u00f3lno\u015bci zgodnie z rozporz\u0105dzeniem Parlamentu Europejskiego i Rady (UE) 2016\/679 z dnia 27 kwietnia 2016 r. w sprawie ochrony os\u00f3b fizycznych w zwi\u0105zku z przetwarzaniem danych osobowych i w sprawie swobodnego przep\u0142ywu takich danych oraz uchylenia dyrektywy 95\/46\/WE (og\u00f3lne rozporz\u0105dzenie o ochronie danych) &#8211; zwane dalej \u201e<strong>RODO<\/strong>\u201d lub \u201e<strong>Rozporz\u0105dzenie RODO<\/strong>\u201d. Oficjalny tekst Rozporz\u0105dzenia RODO: <a href=\"http:\/\/eur-lex.europa.eu\/legal-content\/PL\/TXT\/?uri=CELEX:32016R0679\">http:\/\/eur-lex.europa.eu\/legal-content\/PL\/TXT\/?uri=CELEX%3A32016R0679<\/a><\/p>\n<p>Korzystanie z us\u0142ug Administratora jest dobrowolne. Podobnie zwi\u0105zane z tym podanie danych osobowych przez korzystaj\u0105cego z us\u0142ug Us\u0142ugobiorc\u0119 lub Klienta jest dobrowolne, z zastrze\u017ceniem dw\u00f3ch wyj\u0105tk\u00f3w:<br \/>\n&#8211; <strong>zawieranie um\u00f3w z Administratorem<\/strong> &#8211; niepodanie w przypadkach i w zakresie wskazanym na stronie i niniejszej polityce prywatno\u015bci danych osobowych niezb\u0119dnych do zawarcia i wykonania umowy z Administratorem skutkuje brakiem mo\u017cliwo\u015bci zawarcia tej\u017ce umowy. Podanie danych osobowych jest w takim wypadku wymogiem umownym i je\u017celi osoba, kt\u00f3rej dane dotycz\u0105 chce zawrze\u0107 dan\u0105 umow\u0119 z Administratorem, to jest zobowi\u0105zana do podania wymaganych danych. Ka\u017cdorazowo zakres danych wymaganych do zawarcia umowy wskazany jest uprzednio na stronie oraz w Regulaminach;<br \/>\n&#8211; <strong>obowi\u0105zki ustawowe Administratora<\/strong> &#8211; podanie danych osobowych jest wymogiem ustawowym wynikaj\u0105cym z powszechnie obowi\u0105zuj\u0105cych przepis\u00f3w prawa nak\u0142adaj\u0105cych na Administratora obowi\u0105zek przetwarzania danych osobowych (np. przetwarzanie danych w celu prowadzenia ksi\u0105g podatkowych lub rachunkowych) i brak ich podania uniemo\u017cliwi Administratorowi wykonanie tych\u017ce obowi\u0105zk\u00f3w.<\/p>\n<p>Administrator dok\u0142ada szczeg\u00f3lnej staranno\u015bci w celu ochrony interes\u00f3w os\u00f3b, kt\u00f3rych przetwarzane przez niego dane osobowe dotycz\u0105, a w szczeg\u00f3lno\u015bci jest odpowiedzialny i zapewnia, \u017ce zbierane przez niego dane s\u0105:<br \/>\n&#8211; przetwarzane zgodnie z prawem;<\/p>\n<p>&#8211; zbierane dla oznaczonych, zgodnych z prawem cel\u00f3w i niepoddawane dalszemu przetwarzaniu niezgodnemu z tymi celami;<br \/>\n&#8211; merytorycznie poprawne i adekwatne w stosunku do cel\u00f3w, w jakich s\u0105 przetwarzane;<br \/>\n&#8211; przechowywane w postaci umo\u017cliwiaj\u0105cej identyfikacj\u0119 os\u00f3b, kt\u00f3rych dotycz\u0105, nie d\u0142u\u017cej ni\u017c jest to niezb\u0119dne do osi\u0105gni\u0119cia celu przetwarzania;<\/p>\n<p>&#8211; przetwarzane\u00a0 w\u00a0 spos\u00f3b\u00a0 zapewniaj\u0105cy\u00a0 odpowiednie\u00a0 bezpiecze\u0144stwo\u00a0 danych\u00a0 osobowych,\u00a0 w\u00a0 tym\u00a0 ochron\u0119\u00a0 przed niedozwolonym\u00a0 lub\u00a0 niezgodnym\u00a0 z\u00a0 prawem\u00a0 przetwarzaniem\u00a0 oraz\u00a0 przypadkow\u0105\u00a0 utrat\u0105,\u00a0 zniszczeniem\u00a0 lub uszkodzeniem, za pomoc\u0105 odpowiednich \u015brodk\u00f3w technicznych lub organizacyjnych.<\/p>\n<p>Uwzgl\u0119dniaj\u0105c charakter, zakres, kontekst i cele przetwarzania oraz ryzyko naruszenia praw lub wolno\u015bci os\u00f3b fizycznych o r\u00f3\u017cnym prawdopodobie\u0144stwie i wadze zagro\u017cenia, Administrator wdra\u017ca odpowiednie \u015brodki techniczne i organizacyjne, aby przetwarzanie odbywa\u0142o si\u0119 zgodnie z niniejszym rozporz\u0105dzeniem i aby m\u00f3c to wykaza\u0107. \u015arodki te s\u0105 w razie potrzeby poddawane przegl\u0105dom i uaktualniane. Administrator stosuje \u015brodki techniczne zapobiegaj\u0105ce pozyskiwaniu i modyfikowaniu przez osoby nieuprawnione, danych osobowych przesy\u0142anych drog\u0105 elektroniczn\u0105.<\/p>\n<p>Wszelkie s\u0142owa, wyra\u017cenia i akronimy wyst\u0119puj\u0105ce w niniejszej polityce prywatno\u015bci i rozpoczynaj\u0105ce si\u0119 du\u017c\u0105 liter\u0105 (np. Sprzedawca, Us\u0142uga, Organizator, Uczestnik, Klient, itp.) nale\u017cy rozumie\u0107 zgodnie z ich definicj\u0105 zawart\u0105 w Regulaminach dost\u0119pnych na stronach internetowych.<\/p>\n<ol>\n<li style=\"list-style-type: none;\">\n<ol>\n<li style=\"list-style-type: none;\">\n<ol>\n<li><strong>PODSTAWY PRZETWARZANIA DANYCH<\/strong><\/li>\n<\/ol>\n<\/li>\n<\/ol>\n<\/li>\n<\/ol>\n<p>Administrator uprawniony jest do przetwarzania danych osobowych w przypadkach, gdy \u2013 i w takim zakresie, w jakim \u2013 spe\u0142niony jest co najmniej jeden z poni\u017cszych warunk\u00f3w:<br \/>\n&#8211; osoba, kt\u00f3rej dane dotycz\u0105 wyrazi\u0142a zgod\u0119 na przetwarzanie swoich danych osobowych w jednym lub wi\u0119kszej liczbie okre\u015blonych cel\u00f3w;<br \/>\n&#8211; przetwarzanie jest niezb\u0119dne do wykonania umowy, kt\u00f3rej stron\u0105 jest osoba, kt\u00f3rej dane dotycz\u0105, lub do podj\u0119cia dzia\u0142a\u0144 na \u017c\u0105danie osoby, kt\u00f3rej dane dotycz\u0105, przed zawarciem umowy;<br \/>\n&#8211; przetwarzanie jest niezb\u0119dne do wype\u0142nienia obowi\u0105zku prawnego ci\u0105\u017c\u0105cego na Administratorze;<br \/>\n&#8211; przetwarzanie jest niezb\u0119dne do cel\u00f3w wynikaj\u0105cych z prawnie uzasadnionych interes\u00f3w realizowanych przez Administratora lub przez stron\u0119 trzeci\u0105, z wyj\u0105tkiem sytuacji, w kt\u00f3rych nadrz\u0119dny charakter wobec tych interes\u00f3w maj\u0105 interesy lub podstawowe prawa i wolno\u015bci osoby, kt\u00f3rej dane dotycz\u0105, wymagaj\u0105ce ochrony danych osobowych, w szczeg\u00f3lno\u015bci gdy osoba, kt\u00f3rej dane dotycz\u0105, jest dzieckiem.<\/p>\n<p>Przetwarzanie danych osobowych przez Administratora wymaga ka\u017cdorazowo zaistnienia co najmniej jednej z podstaw wskazanych w pkt. 2 polityki prywatno\u015bci. Konkretne podstawy przetwarzania danych osobowych Us\u0142ugobiorc\u00f3w i Klient\u00f3w przez Administratora s\u0105 wskazane w kolejnym punkcie polityki prywatno\u015bci \u2013 w odniesieniu do danego celu przetwarzania danych osobowych przez Administratora.<\/p>\n<ol>\n<li style=\"list-style-type: none;\">\n<ol>\n<li style=\"list-style-type: none;\">\n<ol>\n<li><strong>CEL, PODSTAWA, OKRES I ZAKRES PRZETWARZANIA DANYCH OSOBOWYCH<\/strong><\/li>\n<\/ol>\n<\/li>\n<\/ol>\n<\/li>\n<\/ol>\n<p>Ka\u017cdorazowo cel, podstawa, okres i zakres oraz odbiorcy danych osobowych przetwarzanych przez Administratora wynika z dzia\u0142a\u0144 podejmowanych przez danego Us\u0142ugobiorc\u0119 lub Klienta.<\/p>\n<p>Administrator mo\u017ce przetwarza\u0107 dane osobowe w nast\u0119puj\u0105cych celach, na nast\u0119puj\u0105cych podstawach, w okresach oraz w nast\u0119puj\u0105cym zakresie:<\/p>\n<table>\n<tbody>\n<tr>\n<td>Cel przetwarzania danych<\/td>\n<td>Podstawa prawna przetwarzania i okres przechowywania danych<\/td>\n<td>Zakres przetwarzanych danych<\/td>\n<\/tr>\n<tr>\n<td>Wykonanie Umowy us\u0142ugi lub podj\u0119cie dzia\u0142a\u0144 na \u017c\u0105danie osoby, kt\u00f3rej dane dotycz\u0105, przed zawarciem w\/w um\u00f3w<\/td>\n<td>Artyku\u0142 6 ust. 1 lit. b) Rozporz\u0105dzenia RODO (wykonanie umowy)<br \/>\nDane s\u0105 przechowywane przez okres niezb\u0119dny do wykonania, rozwi\u0105zania lub wyga\u015bni\u0119cia w inny spos\u00f3b zawartej umowy.<\/td>\n<td>Zakres maksymalny: imi\u0119 i nazwisko; adres poczty elektronicznej; numer telefonu kontaktowego; adres dostawy (ulica, numer domu, numer lokalu, kod pocztowy, miejscowo\u015b\u0107, kraj), adres zamieszkania\/prowadzenia dzia\u0142alno\u015bci\/siedziby (je\u017celi jest inny ni\u017c adres dostawy).<br \/>\nW wypadku Us\u0142ugobiorc\u00f3w lub Klient\u00f3w nie b\u0119d\u0105cych konsumentami Administrator mo\u017ce przetwarza\u0107 dodatkowo nazw\u0119 firmy oraz numer identyfikacji podatkowej (NIP) Us\u0142ugobiorcy lub Klienta.<br \/>\nPodany zakres jest maksymalny \u2013 w przypadku np. odbioru osobistego nie jest konieczne podanie adresu dostawy.<\/td>\n<\/tr>\n<tr>\n<td>Marketing bezpo\u015bredni<\/td>\n<td>Artyku\u0142 6 ust. 1 lit. f) Rozporz\u0105dzenia RODO (prawnie uzasadniony interes administratora)<br \/>\nDane s\u0105 przechowywane przez okres istnienia prawnie uzasadnionego interesu realizowanego przez Administratora, nie d\u0142u\u017cej jednak ni\u017c przez okres przedawnienia roszcze\u0144 w stosunku do osoby, kt\u00f3rej dane dotycz\u0105, z tytu\u0142u prowadzonej\u00a0 przez Administratora dzia\u0142alno\u015bci gospodarczej. Okres przedawnienia okre\u015blaj\u0105 przepisy prawa, w szczeg\u00f3lno\u015bci kodeksu cywilnego (podstawowy termin przedawnienia dla roszcze\u0144 zwi\u0105zanych z prowadzeniem dzia\u0142alno\u015bci gospodarczej wynosi trzy lata, a dla umowy sprzeda\u017cy dwa lata).<br \/>\nAdministrator nie mo\u017ce przetwarza\u0107 danych w celu marketingu bezpo\u015bredniego w przypadku wyra\u017cenia skutecznego sprzeciwu w tym zakresie przez osob\u0119, kt\u00f3rej dane dotycz\u0105.<\/td>\n<td>Adres poczty elektronicznej, Numer telefonu<\/td>\n<\/tr>\n<tr>\n<td>Marketing<\/td>\n<td>Artyku\u0142 6 ust. 1 lit. a) Rozporz\u0105dzenia RODO zgoda)<br \/>\nDane przechowywane s\u0105 do momentu wycofania gody przez osob\u0119, kt\u00f3rej dane dotycz\u0105 na dalsze przetwarzanie jej danych w tym celu.<\/td>\n<td>Imi\u0119, adres poczty elektronicznej<\/td>\n<\/tr>\n<tr>\n<td>Ustalenie, dochodzenie lub obrona roszcze\u0144 jakie mo\u017ce podnosi\u0107 Administrator lub jakie mog\u0105 by\u0107 podnoszone wobec Administratora<\/td>\n<td>Artyku\u0142 6 ust. 1 lit. f) Rozporz\u0105dzenia RODO<br \/>\nDane s\u0105 przechowywane przez okres istnienia prawnie uzasadnionego interesu realizowanego przez Administratora, nie d\u0142u\u017cej jednak ni\u017c przez okres przedawnienia roszcze\u0144 w stosunku do osoby, kt\u00f3rej dane dotycz\u0105, z tytu\u0142u prowadzonej\u00a0 przez Administratora dzia\u0142alno\u015bci gospodarczej. Okres przedawnienia okre\u015blaj\u0105 przepisy prawa, w szczeg\u00f3lno\u015bci kodeksu cywilnego (podstawowy termin przedawnienia dla roszcze\u0144 zwi\u0105zanych z prowadzeniem dzia\u0142alno\u015bci gospodarczej wynosi trzy lata, a dla umowy sprzeda\u017cy dwa lata).<\/td>\n<td>Imi\u0119 i nazwisko; numer telefonu kontaktowego; adres poczty elektronicznej; adres dostawy (ulica, numer domu, numer lokalu, kod pocztowy, miejscowo\u015b\u0107, kraj), adres zamieszkania\/prowadzenia dzia\u0142alno\u015bci\/siedziby (je\u017celi jest inny ni\u017c adres dostawy).<br \/>\nW wypadku Us\u0142ugobiorc\u00f3w lub Klient\u00f3w nie b\u0119d\u0105cych konsumentami Administrator mo\u017ce przetwarza\u0107 dodatkowo nazw\u0119 firmy oraz numer identyfikacji podatkowej (NIP) Us\u0142ugobiorcy lub Klienta.<\/td>\n<\/tr>\n<tr>\n<td><\/td>\n<td><\/td>\n<td><\/td>\n<\/tr>\n<\/tbody>\n<\/table>\n<ol>\n<li style=\"list-style-type: none;\">\n<ol>\n<li style=\"list-style-type: none;\">\n<ol>\n<li><strong>ODBIORCY DANYCH<\/strong><\/li>\n<\/ol>\n<\/li>\n<\/ol>\n<\/li>\n<\/ol>\n<p>Dla prawid\u0142owego funkcjonowania dzia\u0142alno\u015bci Administratora, w tym dla realizacji zawieranych Um\u00f3w konieczne jest korzystanie przez Administratora z us\u0142ug podmiot\u00f3w zewn\u0119trznych (takich jak np. dostawcy oprogramowania, kurierzy, hosting us\u0142ug informatycznych (w tym us\u0142ug backup)). Administrator korzysta wy\u0142\u0105cznie z us\u0142ug takich podmiot\u00f3w przetwarzaj\u0105cych, kt\u00f3rzy zapewniaj\u0105 wystarczaj\u0105ce gwarancje wdro\u017cenia odpowiednich \u015brodk\u00f3w technicznych i organizacyjnych, tak by przetwarzanie spe\u0142nia\u0142o wymogi Rozporz\u0105dzenia RODO i chroni\u0142o prawa os\u00f3b, kt\u00f3rych dane dotycz\u0105.<\/p>\n<p>Przekazanie danych przez Administratora nie nast\u0119puje w ka\u017cdym wypadku i nie do wszystkich wskazanych w polityce prywatno\u015bci odbiorc\u00f3w lub kategorii odbiorc\u00f3w \u2013 Administrator przekazuje dane wy\u0142\u0105cznie wtedy, gdy jest to niezb\u0119dne do realizacji danego celu przetwarzania danych osobowych i tylko w zakresie niezb\u0119dnym do jego zrealizowania. Przyk\u0142adowo, je\u017celi Klient korzysta z odbioru osobistego, to jego dane nie b\u0119d\u0105 przekazywane przewo\u017anikowi wsp\u00f3\u0142pracuj\u0105cemu z Administratorem.<\/p>\n<p>Dane osobowe Us\u0142ugobiorc\u00f3w i Klient\u00f3w mog\u0105 by\u0107 przekazywane nast\u0119puj\u0105cym odbiorcom lub kategoriom odbiorc\u00f3w:<\/p>\n<ol>\n<li style=\"list-style-type: none;\">\n<ol>\n<li style=\"list-style-type: none;\">\n<ol>\n<li style=\"list-style-type: none;\">\n<ul>\n<li>dostawcy us\u0142ug zaopatruj\u0105cy Administratora w rozwi\u0105zania techniczne, informatyczne oraz organizacyjne, umo\u017cliwiaj\u0105ce Administratorowi prowadzenie dzia\u0142alno\u015bci gospodarczej (w szczeg\u00f3lno\u015bci dostawcy oprogramowania komputerowego, dostawcy poczty elektronicznej i hostingu oraz dostawcy oprogramowania do zarz\u0105dzania firm\u0105 i udzielania pomocy technicznej Administratorowi) &#8211; Administrator udost\u0119pnia zebrane dane osobowe Klienta wybranemu dostawcy dzia\u0142aj\u0105cemu na jego zlecenie jedynie w przypadku oraz w zakresie niezb\u0119dnym do zrealizowania danego celu przetwarzania danych zgodnego z niniejsz\u0105 polityk\u0105 prywatno\u015bci.<\/li>\n<li>dostawcy us\u0142ug ksi\u0119gowych, prawnych i doradczych zapewniaj\u0105cy Administratorowi wsparcie ksi\u0119gowe, prawne lub doradcze (w szczeg\u00f3lno\u015bci biuro ksi\u0119gowe, kancelaria prawna lub firma windykacyjna) &#8211; Administrator udost\u0119pnia zebrane dane osobowe Klienta wybranemu dostawcy dzia\u0142aj\u0105cemu na jego zlecenie jedynie w przypadku oraz w zakresie niezb\u0119dnym do zrealizowania danego celu przetwarzania danych zgodnego z niniejsz\u0105 polityk\u0105 prywatno\u015bci.<\/li>\n<\/ul>\n<\/li>\n<li><strong>PROFILOWANIE<\/strong><\/li>\n<\/ol>\n<\/li>\n<\/ol>\n<\/li>\n<\/ol>\n<p>Rozporz\u0105dzenie RODO nak\u0142ada na Administratora obowi\u0105zek informowania o zautomatyzowanym podejmowaniu decyzji, w tym o profilowaniu, o kt\u00f3rym mowa w art. 22 ust. 1 i 4 Rozporz\u0105dzenia RODO, oraz \u2013 przynajmniej w tych przypadkach \u2013 istotne informacje o zasadach ich podejmowania, a tak\u017ce o znaczeniu i przewidywanych konsekwencjach takiego przetwarzania dla osoby, kt\u00f3rej dane dotycz\u0105. Maj\u0105c to na uwadze Administrator podaje w tym punkcie polityki prywatno\u015bci informacje dotycz\u0105ce mo\u017cliwego profilowania.<\/p>\n<p>Administrator mo\u017ce korzysta\u0107 z profilowania do cel\u00f3w marketingu bezpo\u015bredniego, ale decyzje podejmowane na jego podstawie przez Administratora nie dotycz\u0105 zawarcia lub odmowy zawarcia Umowy. Efektem korzystania z profilowania mo\u017ce by\u0107 np. przes\u0142anie propozycji Produktu, kt\u00f3ry mo\u017ce odpowiada\u0107 zainteresowaniom lub preferencjom danej osoby. Mimo profilowania to dana osoba podejmuje swobodnie decyzj\u0119, czy b\u0119dzie chcia\u0142a skorzysta\u0107 z lepszych warunk\u00f3w.<\/p>\n<p>Profilowanie polega na automatycznej analizie lub prognozie zachowania danej osoby czy te\u017c poprzez analiz\u0119 dotychczasowej historii dokonanych operacji. Warunkiem takiego profilowania jest posiadanie przez Administratora danych osobowych danej osoby.<\/p>\n<p>Osoba, kt\u00f3rej dane dotycz\u0105, ma prawo do tego, by nie podlega\u0107 decyzji, kt\u00f3ra opiera si\u0119 wy\u0142\u0105cznie na zautomatyzowanym przetwarzaniu, w tym profilowaniu, i wywo\u0142uje wobec tej osoby skutki prawne lub w podobny spos\u00f3b istotnie na ni\u0105 wp\u0142ywa.<\/p>\n<ol>\n<li style=\"list-style-type: none;\">\n<ol>\n<li style=\"list-style-type: none;\">\n<ol>\n<li><strong>PRAWA OSOBY, KT\u00d3REJ DANE DOTYCZ\u0104<\/strong><\/li>\n<\/ol>\n<\/li>\n<\/ol>\n<\/li>\n<\/ol>\n<p>Prawo dost\u0119pu, sprostowania, ograniczenia, usuni\u0119cia lub przenoszenia &#8211; osoba, kt\u00f3rej dane dotycz\u0105, ma prawo \u017c\u0105dania od Administratora dost\u0119pu do swoich danych osobowych, ich sprostowania, usuni\u0119cia (\u201eprawo do bycia zapomnianym\u201d) lub ograniczenia przetwarzania oraz ma prawo do wniesienia sprzeciwu wobec przetwarzania, a tak\u017ce ma prawo do przenoszenia swoich danych. Szczeg\u00f3\u0142owe warunki wykonywania wskazanych wy\u017cej praw wskazane s\u0105 w art. 15-21 Rozporz\u0105dzenia RODO.<\/p>\n<p>Prawo do cofni\u0119cia zgody w dowolnym momencie \u2013 osoba, kt\u00f3rej dane przetwarzane s\u0105 przez Administratora na podstawie wyra\u017conej zgody (na podstawie art. 6 ust. 1 lit. a) lub art. 9 ust. 2 lit. a) Rozporz\u0105dzenia RODO), to ma ona prawo do cofni\u0119cia zgody w dowolnym momencie bez wp\u0142ywu na zgodno\u015b\u0107 z prawem przetwarzania, kt\u00f3rego dokonano na podstawie zgody przed jej cofni\u0119ciem.<\/p>\n<p>Prawo wniesienia skargi do organu nadzorczego \u2013 osoba, kt\u00f3rej dane przetwarzane s\u0105 przez Administratora, ma prawo wniesienia skargi do organu nadzorczego w spos\u00f3b i trybie okre\u015blonym w przepisach Rozporz\u0105dzenia RODO oraz prawa polskiego, w szczeg\u00f3lno\u015bci ustawy o ochronie danych osobowych. Organem nadzorczym w Polsce jest Prezes Urz\u0119du Ochrony Danych Osobowych.<\/p>\n<p>Osoba, kt\u00f3rej dane dotycz\u0105, ma prawo w dowolnym momencie wnie\u015b\u0107 sprzeciw \u2013 z przyczyn zwi\u0105zanych z jej szczeg\u00f3ln\u0105 sytuacj\u0105 \u2013 wobec przetwarzania dotycz\u0105cych jej danych osobowych opartego na art. 6 ust. 1 lit. e) (interes lub zadania publiczne) lub f) (prawnie uzasadniony interes administratora), w tym profilowania na podstawie tych przepis\u00f3w. Administratorowi w takim przypadku nie wolno ju\u017c przetwarza\u0107 tych danych osobowych, chyba \u017ce wyka\u017ce on istnienie wa\u017cnych prawnie uzasadnionych podstaw do przetwarzania, nadrz\u0119dnych wobec interes\u00f3w, praw i wolno\u015bci osoby, kt\u00f3rej dane dotycz\u0105, lub podstaw do ustalenia, dochodzenia lub obrony roszcze\u0144.<\/p>\n<p>Prawo do sprzeciwu dot. marketingu bezpo\u015bredniego &#8211; je\u017celi dane osobowe s\u0105 przetwarzane na potrzeby marketingu bezpo\u015bredniego, osoba, kt\u00f3rej dane dotycz\u0105, ma prawo w dowolnym momencie wnie\u015b\u0107 sprzeciw wobec przetwarzania dotycz\u0105cych jej danych osobowych na potrzeby takiego marketingu, w tym profilowania, w zakresie, w jakim przetwarzanie jest zwi\u0105zane z takim marketingiem bezpo\u015brednim.<\/p>\n<p>W celu realizacji uprawnie\u0144, o kt\u00f3rych mowa w niniejszym punkcie polityki prywatno\u015bci mo\u017cna kontaktowa\u0107 si\u0119 z Administratorem poprzez przes\u0142anie stosownej wiadomo\u015bci pisemnie lub poczt\u0105 elektroniczn\u0105 na adres Administratora wskazany na wst\u0119pie polityki prywatno\u015bci.<\/p>\n<ol>\n<li style=\"list-style-type: none;\">\n<ol>\n<li style=\"list-style-type: none;\">\n<ol>\n<li><strong>COOKIES, DANE EKSPLOATACYJNE I ANALITYKA<\/strong><\/li>\n<\/ol>\n<\/li>\n<\/ol>\n<\/li>\n<\/ol>\n<p>Pliki Cookies (ciasteczka) s\u0105 to niewielkie informacje tekstowe w postaci plik\u00f3w tekstowych, wysy\u0142ane przez serwer i zapisywane po stronie osoby odwiedzaj\u0105cej stron\u0119 internetow\u0105 (np. na dysku twardym komputera, laptopa, czy te\u017c na karcie pami\u0119ci smartfona \u2013 w zale\u017cno\u015bci z jakiego urz\u0105dzenia korzysta odwiedzaj\u0105cy nasz serwis internetowy). Szczeg\u00f3\u0142owe informacje dot. plik\u00f3w Cookies, a tak\u017ce histori\u0119 ich powstania mo\u017cna znale\u017a\u0107 m.in. tutaj: <a href=\"http:\/\/pl.wikipedia.org\/wiki\/Ciasteczko\">http:\/\/pl.wikipedia.org\/wiki\/Ciasteczko<\/a>.<\/p>\n<p>Administrator mo\u017ce przetwarza\u0107 dane zawarte w plikach Cookies podczas korzystania przez odwiedzaj\u0105cych ze strony internetowej w nast\u0119puj\u0105cych celach:<\/p>\n<ul>\n<li>zapami\u0119tywania danych z wype\u0142nianych Formularzy;<\/li>\n<li>prowadzenia anonimowych statystyk przedstawiaj\u0105cych spos\u00f3b korzystania ze strony internetowej;<\/li>\n<li>remarketingu, to jest badania cech zachowania odwiedzaj\u0105cych strony internetowe poprzez anonimow\u0105 analiz\u0119 ich dzia\u0142a\u0144 (np. powtarzaj\u0105ce si\u0119 wizyty na okre\u015blonych stronach, s\u0142owa kluczowe itp.) w celu stworzenia ich profilu i dostarczenia im reklam dopasowanych do ich przewidywanych zainteresowa\u0144, tak\u017ce wtedy kiedy odwiedzaj\u0105 oni inne strony internetowe w sieci reklamowej firmy Google Inc. oraz Facebook Ireland Ltd.;<\/li>\n<\/ul>\n<p>Standardowo wi\u0119kszo\u015b\u0107 przegl\u0105darek internetowych dost\u0119pnych na rynku domy\u015blnie akceptuje zapisywanie plik\u00f3w Cookies. Ka\u017cdy ma mo\u017cliwo\u015b\u0107 okre\u015blenia warunk\u00f3w korzystania z plik\u00f3w Cookies za pomoc\u0105 ustawie\u0144 w\u0142asnej przegl\u0105darki internetowej. Oznacza to, \u017ce mo\u017cna np. cz\u0119\u015bciowo ograniczy\u0107 (np. czasowo) lub ca\u0142kowicie wy\u0142\u0105czy\u0107 mo\u017cliwo\u015b\u0107 zapisywania plik\u00f3w Cookies \u2013 w tym ostatnim wypadku jednak mo\u017ce to mie\u0107 wp\u0142yw na niekt\u00f3re funkcjonalno\u015bci strony.<\/p>\n<p>Ustawienia przegl\u0105darki internetowej w zakresie plik\u00f3w Cookies s\u0105 istotne z punktu widzenia zgody na korzystanie z plik\u00f3w Cookies przez strony internetowe \u2013 zgodnie z przepisami taka zgoda mo\u017ce by\u0107 r\u00f3wnie\u017c wyra\u017cona poprzez ustawienia przegl\u0105darki internetowej. W braku wyra\u017cenia takiej zgody nale\u017cy odpowiednio zmieni\u0107 ustawienia przegl\u0105darki internetowej w zakresie plik\u00f3w Cookies.<\/p>\n<p>Szczeg\u00f3\u0142owe informacje na temat zmiany ustawie\u0144 dotycz\u0105cych plik\u00f3w Cookies oraz ich samodzielnego usuwania w najpopularniejszych przegl\u0105darkach internetowych dost\u0119pne s\u0105 w dziale pomocy przegl\u0105darki internetowej oraz na poni\u017cszych stronach (wystarczy klikn\u0105\u0107 w dany link):<\/p>\n<p><a href=\"http:\/\/support.google.com\/chrome\/bin\/answer.py?hl=pl&amp;answer=95647\">w przegl\u0105darce Chrome<\/a><br \/>\n<a href=\"http:\/\/support.mozilla.org\/pl\/kb\/W\u0142\u0105czanie%20i%20wy\u0142\u0105czanie%20obs\u0142ugi%20ciasteczek\">w przegl\u0105darce Firefox<\/a><br \/>\n<a href=\"https:\/\/support.microsoft.com\/pl-pl\/help\/17442\/windows-internet-explorer-delete-manage-cookies\">w przegl\u0105darce Internet Explorer<\/a><br \/>\n<a href=\"http:\/\/help.opera.com\/Windows\/12.10\/pl\/cookies.html\">w przegl\u0105darce Opera<\/a><br \/>\n<a href=\"http:\/\/support.apple.com\/kb\/PH5042\">w przegl\u0105darce Safari<\/a><br \/>\n<a href=\"http:\/\/windows.microsoft.com\/pl-pl\/windows-10\/edge-privacy-faq\">w przegl\u0105darce Microsoft Edge<\/a><\/p>\n<p>Administrator mo\u017ce korzysta\u0107 w serwisie z us\u0142ug Google Analytics dostarczanych przez firm\u0119 Google Inc. (1600 Amphitheatre Parkway, Mountain View, CA 94043, USA). Us\u0142ugi te pomagaj\u0105 Administratorowi analizowa\u0107 ruch w serwisie. Gromadzone dane przetwarzane s\u0105 w ramach powy\u017cszych us\u0142ug w spos\u00f3b zanonimizowany (s\u0105 to tzw. dane eksploatacyjne, kt\u00f3re uniemo\u017cliwiaj\u0105 identyfikacj\u0119 osoby) do generowania statystyk pomocnych w administrowaniu serwisem. Dane te maj\u0105 charakter zbiorczy i anonimowy, tj. nie zawieraj\u0105 cech identyfikuj\u0105cych (danych osobowych) osoby odwiedzaj\u0105ce stron\u0119. Administrator korzystaj\u0105c z powy\u017cszych us\u0142ug gromadzi takie dane jak \u017ar\u00f3d\u0142a i medium pozyskania odwiedzj\u0105cych strony oraz spos\u00f3b ich zachowania na stronie internetowej, informacje na temat urz\u0105dze\u0144 i przegl\u0105darek z kt\u00f3rych odwiedzaj\u0105 stron\u0119, IP oraz domen\u0119, dane geograficzne oraz dane demograficzne (wiek, p\u0142e\u0107) i zainteresowania.<\/p>\n<p>Mo\u017cliwe jest zablokowanie w \u0142atwy spos\u00f3b przez dan\u0105 osob\u0119 udost\u0119pniania Google Analytics informacji o jej aktywno\u015bci na stronie internetowej &#8211; w tym celu mo\u017cna zainstalowa\u0107 dodatek do przegl\u0105darki udost\u0119pniany przez firm\u0119 Google Inc. dost\u0119pny tutaj: <a href=\"https:\/\/tools.google.com\/dlpage\/gaoptout?hl=pl\">https:\/\/tools.google.com\/dlpage\/gaoptout?hl=pl<\/a><\/p>\n<ol>\n<li style=\"list-style-type: none;\">\n<ol>\n<li style=\"list-style-type: none;\">\n<ol>\n<li><strong>POSTANOWIENIA KO\u0143COWE<\/strong><\/li>\n<\/ol>\n<\/li>\n<\/ol>\n<\/li>\n<\/ol>\n<p>Strony internetowe mog\u0105 zawiera\u0107 odno\u015bniki do innych stron internetowych. Administrator namawia by po przej\u015bciu na inne strony, zapozna\u0107 si\u0119 z polityk\u0105 prywatno\u015bci tam ustalon\u0105. Niniejsza polityka prywatno\u015bci dotyczy tylko serwis\u00f3w Administratora.<\/p>\n<p>&nbsp;<\/p>\n","protected":false},"excerpt":{"rendered":"<p>Polityka prywatno\u015bci SPIS TRE\u015aCI: POSTANOWIENIA OG\u00d3LNE PODSTAWY PRZETWARZANIA DANYCH CEL, PODSTAWA, OKRES I ZAKRES PRZETWARZANIA DANYCH ODBIORCY DANYCH PROFILOWANIE PRAWA<\/p>\n","protected":false},"author":1,"featured_media":0,"parent":0,"menu_order":0,"comment_status":"closed","ping_status":"closed","template":"","meta":{"footnotes":""},"_links":{"self":[{"href":"https:\/\/www.not-tarnow.pl\/index.php\/wp-json\/wp\/v2\/pages\/1478"}],"collection":[{"href":"https:\/\/www.not-tarnow.pl\/index.php\/wp-json\/wp\/v2\/pages"}],"about":[{"href":"https:\/\/www.not-tarnow.pl\/index.php\/wp-json\/wp\/v2\/types\/page"}],"author":[{"embeddable":true,"href":"https:\/\/www.not-tarnow.pl\/index.php\/wp-json\/wp\/v2\/users\/1"}],"replies":[{"embeddable":true,"href":"https:\/\/www.not-tarnow.pl\/index.php\/wp-json\/wp\/v2\/comments?post=1478"}],"version-history":[{"count":1,"href":"https:\/\/www.not-tarnow.pl\/index.php\/wp-json\/wp\/v2\/pages\/1478\/revisions"}],"predecessor-version":[{"id":1479,"href":"https:\/\/www.not-tarnow.pl\/index.php\/wp-json\/wp\/v2\/pages\/1478\/revisions\/1479"}],"wp:attachment":[{"href":"https:\/\/www.not-tarnow.pl\/index.php\/wp-json\/wp\/v2\/media?parent=1478"}],"curies":[{"name":"wp","href":"https:\/\/api.w.org\/{rel}","templated":true}]}}