{"id":2733,"date":"2021-10-20T09:18:57","date_gmt":"2021-10-20T07:18:57","guid":{"rendered":"http:\/\/not-tarnow.pl\/?page_id=2733"},"modified":"2026-02-23T23:29:27","modified_gmt":"2026-02-23T22:29:27","slug":"aktualnosci-not","status":"publish","type":"page","link":"https:\/\/www.not-tarnow.pl\/","title":{"rendered":"Aktualno\u015bci"},"content":{"rendered":"<div id=\"upl-list-2753\" class=\"upl-list\">\n<ul>\n<li><div class=\"upl-post-title\"><a href=\"https:\/\/www.not-tarnow.pl\/index.php\/2026\/04\/tarnowskie-dni-szczepanika-w-100-rocznice-smierci-wynalazcy\/\">Tarnowskie Dni Szczepanika w 100. rocznic\u0119 \u015bmierci wynalazcy<\/a><\/div><div class=\"upl-post-thumbnail\"><a href=\"https:\/\/www.not-tarnow.pl\/index.php\/2026\/04\/tarnowskie-dni-szczepanika-w-100-rocznice-smierci-wynalazcy\/\"><img width=\"75\" height=\"75\" src=\"https:\/\/www.not-tarnow.pl\/wp-content\/uploads\/2026\/04\/DPs_21-e1776952079666-150x150.jpg\" class=\"attachment-75x75 size-75x75\" alt=\"\" decoding=\"async\" loading=\"lazy\" \/><\/a><\/div><div class=\"upl-post-date\">23 kwietnia 2026<\/div><div class=\"upl-post-excerpt\">W pi\u0105tek, 17 kwietnia, odby\u0142y si\u0119 Tarnowskie Dni Szczepanika \u2013 wyj\u0105tkowe wydarzenie po\u015bwi\u0119cone upami\u0119tnieniu 100. rocznicy \u015bmierci Jana Szczepanika, wybitnego wynalazcy zwanego \u201epolskim Edisonem\u201d. \u2026<\/div><\/li>\n<li><div class=\"upl-post-title\"><a href=\"https:\/\/www.not-tarnow.pl\/index.php\/2026\/04\/targi-pracy-i-innowacji-tarnowskich-itar-2026-konferencja-science-technology-innovation-oraz-wyklad-o-polskim-edisonie-janie-szczepaniku-na-akademii-tarnowskiej\/\">Targi Pracy i Innowacji Tarnowskich ITAR 2026 oraz Konferencja Science\u2013Technology\u2013Innovation na Akademii Tarnowskiej<\/a><\/div><div class=\"upl-post-thumbnail\"><a href=\"https:\/\/www.not-tarnow.pl\/index.php\/2026\/04\/targi-pracy-i-innowacji-tarnowskich-itar-2026-konferencja-science-technology-innovation-oraz-wyklad-o-polskim-edisonie-janie-szczepaniku-na-akademii-tarnowskiej\/\"><img width=\"75\" height=\"75\" src=\"https:\/\/www.not-tarnow.pl\/wp-content\/uploads\/2026\/04\/670864102_122269026476253515_3550162543086676432_n-150x150.jpg\" class=\"attachment-75x75 size-75x75\" alt=\"\" decoding=\"async\" loading=\"lazy\" \/><\/a><\/div><div class=\"upl-post-date\">20 kwietnia 2026<\/div><div class=\"upl-post-excerpt\">15 kwietnia w hali sportowej Akademii Tarnowskiej odby\u0142y si\u0119 Targi Pracy i Innowacji Tarnowskich ITAR 2026, kt\u00f3re zgromadzi\u0142y licznych uczestnik\u00f3w zainteresowanych rozwojem zawodowym i nowymi \u2026<\/div><\/li>\n<li><div class=\"upl-post-title\"><a href=\"https:\/\/www.not-tarnow.pl\/index.php\/2026\/04\/targi-pracy-i-innowacji-tarnowskich-itar-2026-konferencja-science-technology-innovation-i-wyklad-o-polskim-edisonie-janie-szczepaniku-na-akademii-tarnowskiej\/\">Zaproszenie na ITAR 2026, konferencj\u0119 STI oraz wyk\u0142ad o Janie Szczepaniku na Akademii Tarnowskiej<\/a><\/div><div class=\"upl-post-thumbnail\"><a href=\"https:\/\/www.not-tarnow.pl\/index.php\/2026\/04\/targi-pracy-i-innowacji-tarnowskich-itar-2026-konferencja-science-technology-innovation-i-wyklad-o-polskim-edisonie-janie-szczepaniku-na-akademii-tarnowskiej\/\"><img width=\"75\" height=\"75\" src=\"https:\/\/www.not-tarnow.pl\/wp-content\/uploads\/2026\/04\/Jan-Szczepanik--150x150.png\" class=\"attachment-75x75 size-75x75\" alt=\"\" decoding=\"async\" loading=\"lazy\" \/><\/a><\/div><div class=\"upl-post-date\">13 kwietnia 2026<\/div><div class=\"upl-post-excerpt\">15 kwietnia 2026 r. Akademia Tarnowska zaprasza na wyj\u0105tkowe wydarzenie \u0142\u0105cz\u0105ce \u015bwiat nauki, technologii i rynku pracy: Targi Pracy i Innowacji Tarnowskich ITAR 2026 oraz Konferencj\u0119 Science \u2013 \u2026<\/div><\/li>\n<li><div class=\"upl-post-title\"><a href=\"https:\/\/www.not-tarnow.pl\/index.php\/2026\/04\/wyniki-52-olimpiady-wiedzy-technicznej-inzynieria-w-elektroenergetyce\/\">Wyniki 52. Olimpiady Wiedzy Technicznej \u2013 In\u017cynieria w Elektroenergetyce<\/a><\/div><div class=\"upl-post-thumbnail\"><a href=\"https:\/\/www.not-tarnow.pl\/index.php\/2026\/04\/wyniki-52-olimpiady-wiedzy-technicznej-inzynieria-w-elektroenergetyce\/\"><img width=\"75\" height=\"75\" src=\"https:\/\/www.not-tarnow.pl\/wp-content\/uploads\/2023\/09\/logo_OWT-IWE_1000x1000-11111-150x150.jpg\" class=\"attachment-75x75 size-75x75\" alt=\"\" decoding=\"async\" loading=\"lazy\" srcset=\"https:\/\/www.not-tarnow.pl\/wp-content\/uploads\/2023\/09\/logo_OWT-IWE_1000x1000-11111-150x150.jpg 150w, https:\/\/www.not-tarnow.pl\/wp-content\/uploads\/2023\/09\/logo_OWT-IWE_1000x1000-11111-300x300.jpg 300w, https:\/\/www.not-tarnow.pl\/wp-content\/uploads\/2023\/09\/logo_OWT-IWE_1000x1000-11111-768x768.jpg 768w, https:\/\/www.not-tarnow.pl\/wp-content\/uploads\/2023\/09\/logo_OWT-IWE_1000x1000-11111.jpg 1000w\" sizes=\"(max-width: 75px) 100vw, 75px\" \/><\/a><\/div><div class=\"upl-post-date\">10 kwietnia 2026<\/div><div class=\"upl-post-excerpt\">Og\u0142oszono wyniki zawod\u00f3w III stopnia 52. Olimpiady Wiedzy Technicznej \u2013 In\u017cynieria w Elektroenergetyce! Z ogromn\u0105 rado\u015bci\u0105 informujemy, \u017ce dw\u00f3ch uczestnik\u00f3w 52. OWT \u2013 IWE, reprezentuj\u0105cych Komitet \u2026<\/div><\/li>\n<li><div class=\"upl-post-title\"><a href=\"https:\/\/www.not-tarnow.pl\/index.php\/2026\/03\/wesolego-alleluja-4\/\">Weso\u0142ych \u015awi\u0105t Wielkanocnych!<\/a><\/div><div class=\"upl-post-thumbnail\"><a href=\"https:\/\/www.not-tarnow.pl\/index.php\/2026\/03\/wesolego-alleluja-4\/\"><img width=\"75\" height=\"75\" src=\"https:\/\/www.not-tarnow.pl\/wp-content\/uploads\/2026\/03\/Wielkanoc_2026-150x150.jpg\" class=\"attachment-75x75 size-75x75\" alt=\"\" decoding=\"async\" loading=\"lazy\" \/><\/a><\/div><div class=\"upl-post-date\">31 marca 2026<\/div><div class=\"upl-post-excerpt\">\u2026<\/div><\/li>\n<li><div class=\"upl-post-title\"><a href=\"https:\/\/www.not-tarnow.pl\/index.php\/2026\/03\/final-52-owt-iwe-oraz-wreczenie-statuetki-srebrnego-inzyniera-2025-bylemu-dyrektorowi-zsem-w-nowym-saczu\/\">Fina\u0142 52. OWT-IWE oraz \u201eSrebrny In\u017cynier 2025\u201d dla b. dyrektora ZSEM w Nowym S\u0105czu<\/a><\/div><div class=\"upl-post-thumbnail\"><a href=\"https:\/\/www.not-tarnow.pl\/index.php\/2026\/03\/final-52-owt-iwe-oraz-wreczenie-statuetki-srebrnego-inzyniera-2025-bylemu-dyrektorowi-zsem-w-nowym-saczu\/\"><img width=\"75\" height=\"75\" src=\"https:\/\/www.not-tarnow.pl\/wp-content\/uploads\/2026\/03\/AGH_finaly_52_OWT_IWE_2026_03_28-150x150.jpg\" class=\"attachment-75x75 size-75x75\" alt=\"\" decoding=\"async\" loading=\"lazy\" \/><\/a><\/div><div class=\"upl-post-date\">31 marca 2026<\/div><div class=\"upl-post-excerpt\">W sobot\u0119, 28 marca br., w Akademii G\u00f3rniczo\u2011Hutniczej im. Stanis\u0142awa Staszica w Krakowie odby\u0142y si\u0119 zawody III stopnia (fina\u0142y centralne) 52. Olimpiady Wiedzy Technicznej \u2013 In\u017cynieria w \u2026<\/div><\/li>\n<li><div class=\"upl-post-title\"><a href=\"https:\/\/www.not-tarnow.pl\/index.php\/2026\/03\/uroczystosc-90-urodzin-ks-prof-michala-hellera-w-akademii-tarnowskiej\/\">Uroczysto\u015b\u0107 90. urodzin ks. prof. Micha\u0142a Hellera w Akademii Tarnowskiej<\/a><\/div><div class=\"upl-post-thumbnail\"><a href=\"https:\/\/www.not-tarnow.pl\/index.php\/2026\/03\/uroczystosc-90-urodzin-ks-prof-michala-hellera-w-akademii-tarnowskiej\/\"><img width=\"75\" height=\"75\" src=\"https:\/\/www.not-tarnow.pl\/wp-content\/uploads\/2026\/03\/img-20260325-wa0016-150x150.jpg\" class=\"attachment-75x75 size-75x75\" alt=\"\" decoding=\"async\" loading=\"lazy\" \/><\/a><\/div><div class=\"upl-post-date\">26 marca 2026<\/div><div class=\"upl-post-excerpt\">Ks. prof. dr hab. Micha\u0142 Heller, jeden z najwybitniejszych polskich uczonych, obchodzi\u0142 jubileusz 90. urodzin. Z tej okazji 25 marca br w Akademii Tarnowskiej odby\u0142a si\u0119 uroczysto\u015b\u0107, kt\u00f3ra \u2026<\/div><\/li>\n<\/ul>\n<form action=\"\" method=\"POST\" id=\"upl-list-2753-form\"><div><a href=\"\" id=\"upl-list-2753-button\" class=\"upl-list-button\">Dalsze wpisy<\/a><img src=\"https:\/\/www.not-tarnow.pl\/wp-includes\/images\/wpspin.gif\" alt=\"Wczytywanie kolejnych wynik\u00f3w\u2026 prosz\u0119 czeka\u0107.\" id=\"upl-list-2753-spinner\" style=\"display: none;\" \/><input type=\"hidden\" name=\"no_more_label\" id=\"upl-list-2753-no-more-label\" value=\"Nie znaleziono \u017cadnych wpis\u00f3w.\"  \/><\/div><\/form>\n<\/div>\n\n","protected":false},"excerpt":{"rendered":"","protected":false},"author":1,"featured_media":0,"parent":0,"menu_order":0,"comment_status":"closed","ping_status":"closed","template":"","meta":{"footnotes":""},"_links":{"self":[{"href":"https:\/\/www.not-tarnow.pl\/index.php\/wp-json\/wp\/v2\/pages\/2733"}],"collection":[{"href":"https:\/\/www.not-tarnow.pl\/index.php\/wp-json\/wp\/v2\/pages"}],"about":[{"href":"https:\/\/www.not-tarnow.pl\/index.php\/wp-json\/wp\/v2\/types\/page"}],"author":[{"embeddable":true,"href":"https:\/\/www.not-tarnow.pl\/index.php\/wp-json\/wp\/v2\/users\/1"}],"replies":[{"embeddable":true,"href":"https:\/\/www.not-tarnow.pl\/index.php\/wp-json\/wp\/v2\/comments?post=2733"}],"version-history":[{"count":13,"href":"https:\/\/www.not-tarnow.pl\/index.php\/wp-json\/wp\/v2\/pages\/2733\/revisions"}],"predecessor-version":[{"id":7891,"href":"https:\/\/www.not-tarnow.pl\/index.php\/wp-json\/wp\/v2\/pages\/2733\/revisions\/7891"}],"wp:attachment":[{"href":"https:\/\/www.not-tarnow.pl\/index.php\/wp-json\/wp\/v2\/media?parent=2733"}],"curies":[{"name":"wp","href":"https:\/\/api.w.org\/{rel}","templated":true}]}}